{"id":411,"date":"2023-07-25T11:02:04","date_gmt":"2023-07-25T11:02:04","guid":{"rendered":"http:\/\/cb2g.com\/proyectos\/"},"modified":"2023-09-27T10:16:28","modified_gmt":"2023-09-27T10:16:28","slug":"proyectos","status":"publish","type":"page","link":"https:\/\/cb2g.com\/es\/proyectos\/","title":{"rendered":"Proyectos"},"content":{"rendered":"\n<style type=\"text\/css\" data-created_by=\"avia_inline_auto\" id=\"style-css-av-y9kak-a63d3fa388e239728e36c690539d2c7e\">\n.avia-section.av-y9kak-a63d3fa388e239728e36c690539d2c7e{\nbackground-repeat:no-repeat;\nbackground-image:url(https:\/\/cb2g.com\/wp-content\/uploads\/2023\/05\/plans-autoproteccio.jpg);\nbackground-position:50% 50%;\nbackground-attachment:scroll;\n}\n.avia-section.av-y9kak-a63d3fa388e239728e36c690539d2c7e .av-section-color-overlay{\nopacity:0.6;\nbackground-color:#0a0a0a;\n}\n<\/style>\n<div id='av_section_1'  class='avia-section av-y9kak-a63d3fa388e239728e36c690539d2c7e main_color avia-section-default avia-no-border-styling  avia-builder-el-0  el_before_av_section  avia-builder-el-first  avia-bg-style-scroll av-section-color-overlay-active av-minimum-height av-minimum-height-25 av-height-25  container_wrap fullsize'  data-section-bg-repeat='no-repeat' data-av_minimum_height_pc='25' data-av_min_height_opt='25'><div class=\"av-section-color-overlay-wrap\"><div class=\"av-section-color-overlay\"><\/div><div class='container av-section-cont-open' ><main  role=\"main\" itemprop=\"mainContentOfPage\"  class='template-page content  av-content-full alpha units'><div class='post-entry post-entry-type-page post-entry-411'><div class='entry-content-wrapper clearfix'>\n\n<style type=\"text\/css\" data-created_by=\"avia_inline_auto\" id=\"style-css-av-li07jwa7-2b4b290cbe64377747bf8b2459265d31\">\n#top .av-special-heading.av-li07jwa7-2b4b290cbe64377747bf8b2459265d31{\npadding-bottom:10px;\ncolor:#ffffff;\n}\nbody .av-special-heading.av-li07jwa7-2b4b290cbe64377747bf8b2459265d31 .av-special-heading-tag .heading-char{\nfont-size:25px;\n}\n.av-special-heading.av-li07jwa7-2b4b290cbe64377747bf8b2459265d31 .special-heading-inner-border{\nborder-color:#ffffff;\n}\n.av-special-heading.av-li07jwa7-2b4b290cbe64377747bf8b2459265d31 .av-subheading{\nfont-size:15px;\n}\n<\/style>\n<div  class='av-special-heading av-li07jwa7-2b4b290cbe64377747bf8b2459265d31 av-special-heading-h1 custom-color-heading blockquote modern-quote modern-centered  avia-builder-el-1  avia-builder-el-no-sibling '><h1 class='av-special-heading-tag'  itemprop=\"headline\"  >PROYECTOS<\/h1><div class=\"special-heading-border\"><div class=\"special-heading-inner-border\"><\/div><\/div><\/div>\n\n<\/div><\/div><\/main><!-- close content main element --><\/div><\/div><\/div><div id='av_section_2'  class='avia-section av-1cqjp0-bd5cd495edaed589ef6a261fefda9100 main_color avia-section-default avia-no-border-styling  avia-builder-el-2  el_after_av_section  el_before_av_section  projectes-columns avia-bg-style-scroll container_wrap fullsize'  ><div class='container av-section-cont-open' ><div class='template-page content  av-content-full alpha units'><div class='post-entry post-entry-type-page post-entry-411'><div class='entry-content-wrapper clearfix'>\n\n<style type=\"text\/css\" data-created_by=\"avia_inline_auto\" id=\"style-css-av-li07ujoe-ac161deb0768c3d9795145dc06889e37\">\n#top .av-special-heading.av-li07ujoe-ac161deb0768c3d9795145dc06889e37{\nmargin:0 0 0 0;\npadding-bottom:10px;\n}\nbody .av-special-heading.av-li07ujoe-ac161deb0768c3d9795145dc06889e37 .av-special-heading-tag .heading-char{\nfont-size:25px;\n}\n#top #wrap_all .av-special-heading.av-li07ujoe-ac161deb0768c3d9795145dc06889e37 .av-special-heading-tag{\npadding:0 0 0 0;\n}\n.av-special-heading.av-li07ujoe-ac161deb0768c3d9795145dc06889e37 .av-subheading{\nfont-size:15px;\n}\n<\/style>\n<div  id=\"edificacio\"  class='av-special-heading av-li07ujoe-ac161deb0768c3d9795145dc06889e37 av-special-heading-h2 blockquote modern-quote  avia-builder-el-3  el_before_av_hr  avia-builder-el-first '><h2 class='av-special-heading-tag'  itemprop=\"headline\"  >Edificaci\u00f3n<\/h2><div class=\"special-heading-border\"><div class=\"special-heading-inner-border\"><\/div><\/div><\/div>\n\n<style type=\"text\/css\" data-created_by=\"avia_inline_auto\" id=\"style-css-av-14yspg-c1aed8ef5d4d145e076099523af7ba21\">\n#top .hr.hr-invisible.av-14yspg-c1aed8ef5d4d145e076099523af7ba21{\nheight:20px;\n}\n<\/style>\n<div  class='hr av-14yspg-c1aed8ef5d4d145e076099523af7ba21 hr-invisible  avia-builder-el-4  el_after_av_heading  el_before_av_one_third '><span class='hr-inner '><span class=\"hr-inner-style\"><\/span><\/span><\/div>\n\n<style type=\"text\/css\" data-created_by=\"avia_inline_auto\" id=\"style-css-av-1i7ltw-0f0c4c10ebda2f73f8eebd9b44e2be3d\">\n.flex_column.av-1i7ltw-0f0c4c10ebda2f73f8eebd9b44e2be3d{\nwidth:32%;\n}\n<\/style>\n<div  class='flex_column av-1i7ltw-0f0c4c10ebda2f73f8eebd9b44e2be3d av_one_third  avia-builder-el-5  el_after_av_hr  el_before_av_one_third  first av-break-at-tablet flex_column_div  '     ><p>\n<style type=\"text\/css\" data-created_by=\"avia_inline_auto\" id=\"style-css-av-1g8gvg-cf4481d6015ae8e8951ac1fd26cb2cd7\">\n.avia-image-container.av-1g8gvg-cf4481d6015ae8e8951ac1fd26cb2cd7 img.avia_image{\nbox-shadow:none;\n}\n.avia-image-container.av-1g8gvg-cf4481d6015ae8e8951ac1fd26cb2cd7 .av-caption-image-overlay-bg{\nopacity:0.4;\nbackground-color:#000000;\n}\n.avia-image-container.av-1g8gvg-cf4481d6015ae8e8951ac1fd26cb2cd7 .av-image-caption-overlay-center{\ncolor:#ffffff;\n}\n<\/style>\n<div  class='avia-image-container av-1g8gvg-cf4481d6015ae8e8951ac1fd26cb2cd7 av-styling-no-styling avia-align-center  avia-builder-el-6  el_before_av_textblock  avia-builder-el-first  noHover av-overlay-on-hover'   itemprop=\"image\" itemscope=\"itemscope\" itemtype=\"https:\/\/schema.org\/ImageObject\" ><div class=\"avia-image-container-inner\"><div class=\"avia-image-overlay-wrap\"><div class=\"av-image-caption-overlay\"><div class=\"av-caption-image-overlay-bg\"><\/div><div class=\"av-image-caption-overlay-position\"><div class=\"av-image-caption-overlay-center\"><p><strong>Cliente<\/strong>: On Turtle<br \/>\n<strong>Emplazamiento:<\/strong> La Jonquera (Girona)<br \/>\n<strong>Arquitectura:<\/strong> Lluerna Arquitectura<br \/>\n<strong>Actuaci\u00f3n:<\/strong> Instalaciones para proyecto ejecutivo<\/p>\n<\/div><\/div><\/div><img decoding=\"async\" class='wp-image-322 avia-img-lazy-loading-not-322 avia_image ' src=\"https:\/\/cb2g.com\/wp-content\/uploads\/2023\/07\/Foto-1-495x400.jpg\" alt='' title='Foto 1'  height=\"400\" width=\"495\"  itemprop=\"thumbnailUrl\" srcset=\"https:\/\/cb2g.com\/wp-content\/uploads\/2023\/07\/Foto-1-495x400.jpg 495w, https:\/\/cb2g.com\/wp-content\/uploads\/2023\/07\/Foto-1-300x242.jpg 300w, https:\/\/cb2g.com\/wp-content\/uploads\/2023\/07\/Foto-1.jpg 675w\" sizes=\"(max-width: 495px) 100vw, 495px\" \/><\/div><\/div><\/div><br \/>\n<section  class='av_textblock_section av-gnng-95a1f8545680f100228ab10b338bb4f9 '   itemscope=\"itemscope\" itemtype=\"https:\/\/schema.org\/CreativeWork\" ><div class='avia_textblock'  itemprop=\"text\" ><h3>Rehabilitaci\u00f3n restaurante Red tortuga en La Jonquera<\/h3>\n<\/div><\/section><\/p><\/div>\n<style type=\"text\/css\" data-created_by=\"avia_inline_auto\" id=\"style-css-av-h4auc-da6039a7ce7b3522a8d7f83b779ad4d6\">\n.flex_column.av-h4auc-da6039a7ce7b3522a8d7f83b779ad4d6{\nwidth:32%;\nmargin-left:2%;\n}\n<\/style>\n<div  class='flex_column av-h4auc-da6039a7ce7b3522a8d7f83b779ad4d6 av_one_third  avia-builder-el-8  el_after_av_one_third  el_before_av_one_third  av-break-at-tablet flex_column_div  '     ><p>\n<style type=\"text\/css\" data-created_by=\"avia_inline_auto\" id=\"style-css-av-4yo7o-fe9dadd8b31fefe508cf752c55c146a0\">\n.avia-image-container.av-4yo7o-fe9dadd8b31fefe508cf752c55c146a0 img.avia_image{\nbox-shadow:none;\n}\n.avia-image-container.av-4yo7o-fe9dadd8b31fefe508cf752c55c146a0 .av-caption-image-overlay-bg{\nopacity:0.4;\nbackground-color:#000000;\n}\n.avia-image-container.av-4yo7o-fe9dadd8b31fefe508cf752c55c146a0 .av-image-caption-overlay-center{\ncolor:#ffffff;\n}\n<\/style>\n<div  class='avia-image-container av-4yo7o-fe9dadd8b31fefe508cf752c55c146a0 av-styling-no-styling avia-align-center  avia-builder-el-9  el_before_av_textblock  avia-builder-el-first  noHover av-overlay-on-hover'   itemprop=\"image\" itemscope=\"itemscope\" itemtype=\"https:\/\/schema.org\/ImageObject\" ><div class=\"avia-image-container-inner\"><div class=\"avia-image-overlay-wrap\"><div class=\"av-image-caption-overlay\"><div class=\"av-caption-image-overlay-bg\"><\/div><div class=\"av-image-caption-overlay-position\"><div class=\"av-image-caption-overlay-center\"><p><strong>Cliente:<\/strong> Ayuntamiento de Solsona<br \/>\n<strong>Emplazamiento:<\/strong> Solsona (Lleida)<br \/>\n<strong>Arquitectura:<\/strong> Anna Grau Riu<br \/>\n<strong>Superficie construida:<\/strong> 1.020,87 m\u00b2<br \/>\n<strong>Actuaci\u00f3n:<\/strong> Instalaciones para proyecto ejecutivo y direcci\u00f3n de obra de instalaciones<br \/>\n<strong>Presupuesto instalaciones:<\/strong> 375.921,01\u20ac<\/p>\n<\/div><\/div><\/div><img decoding=\"async\" class='wp-image-323 avia-img-lazy-loading-not-323 avia_image ' src=\"https:\/\/cb2g.com\/wp-content\/uploads\/2023\/07\/Foto-2-495x400.jpg\" alt='' title='Foto 2'  height=\"400\" width=\"495\"  itemprop=\"thumbnailUrl\" srcset=\"https:\/\/cb2g.com\/wp-content\/uploads\/2023\/07\/Foto-2-495x400.jpg 495w, https:\/\/cb2g.com\/wp-content\/uploads\/2023\/07\/Foto-2-845x684.jpg 845w\" sizes=\"(max-width: 495px) 100vw, 495px\" \/><\/div><\/div><\/div><br \/>\n<section  class='av_textblock_section av-1a07kk-c79ce70e3ad5188b18bee38a67ae4d16 '   itemscope=\"itemscope\" itemtype=\"https:\/\/schema.org\/CreativeWork\" ><div class='avia_textblock'  itemprop=\"text\" ><h3>Tanatorio municipal de Solsona<\/h3>\n<\/div><\/section><\/p><\/div>\n<style type=\"text\/css\" data-created_by=\"avia_inline_auto\" id=\"style-css-av-bd9ws-5016f0402dba11f114d95426a018c45e\">\n.flex_column.av-bd9ws-5016f0402dba11f114d95426a018c45e{\nwidth:32%;\nmargin-left:2%;\n}\n<\/style>\n<div  class='flex_column av-bd9ws-5016f0402dba11f114d95426a018c45e av_one_third  avia-builder-el-11  el_after_av_one_third  el_before_av_one_third  av-break-at-tablet flex_column_div  '     ><p>\n<style type=\"text\/css\" data-created_by=\"avia_inline_auto\" id=\"style-css-av-lk10blgo-8857895e3b7f292579f5e672c6fde2c6\">\n.avia-image-container.av-lk10blgo-8857895e3b7f292579f5e672c6fde2c6 img.avia_image{\nbox-shadow:none;\n}\n.avia-image-container.av-lk10blgo-8857895e3b7f292579f5e672c6fde2c6 .av-caption-image-overlay-bg{\nopacity:0.4;\nbackground-color:#000000;\n}\n.avia-image-container.av-lk10blgo-8857895e3b7f292579f5e672c6fde2c6 .av-image-caption-overlay-center{\ncolor:#ffffff;\n}\n<\/style>\n<div  class='avia-image-container av-lk10blgo-8857895e3b7f292579f5e672c6fde2c6 av-styling-no-styling avia-align-center  avia-builder-el-12  el_before_av_textblock  avia-builder-el-first  noHover av-overlay-on-hover'   itemprop=\"image\" itemscope=\"itemscope\" itemtype=\"https:\/\/schema.org\/ImageObject\" ><div class=\"avia-image-container-inner\"><div class=\"avia-image-overlay-wrap\"><div class=\"av-image-caption-overlay\"><div class=\"av-caption-image-overlay-bg\"><\/div><div class=\"av-image-caption-overlay-position\"><div class=\"av-image-caption-overlay-center\"><p><strong>Cliente:<\/strong> Corp. Alimentaria Guissona SA<br \/>\n<strong>Emplazamiento:<\/strong> Montblanc (Tarragona)<br \/>\n<strong>Arquitectura:<\/strong> Corp. Alimentaria Guissona SA<br \/>\n<strong>Superficie construida:<\/strong> 8.997,93 m\u00b2<br \/>\n<strong>Actuaci\u00f3n:<\/strong> Instalaciones para proyecto ejecutivo, direcci\u00f3n de obra de instalaciones, proyectos de legalizaci\u00f3n de instalaciones, actividades y contra incendios.<br \/>\n<strong>Presupuesto instalaciones:<\/strong> 948.362,14\u20ac<\/p>\n<\/div><\/div><\/div><img decoding=\"async\" class='wp-image-324 avia-img-lazy-loading-not-324 avia_image ' src=\"https:\/\/cb2g.com\/wp-content\/uploads\/2023\/07\/Foto-3-495x400.jpg\" alt='' title='Foto 3'  height=\"400\" width=\"495\"  itemprop=\"thumbnailUrl\" srcset=\"https:\/\/cb2g.com\/wp-content\/uploads\/2023\/07\/Foto-3-495x400.jpg 495w, https:\/\/cb2g.com\/wp-content\/uploads\/2023\/07\/Foto-3-845x684.jpg 845w\" sizes=\"(max-width: 495px) 100vw, 495px\" \/><\/div><\/div><\/div><br \/>\n<section  class='av_textblock_section av-lk10bzr3-55c8d08f7e5b1fce01caae4e1966f17b '   itemscope=\"itemscope\" itemtype=\"https:\/\/schema.org\/CreativeWork\" ><div class='avia_textblock'  itemprop=\"text\" ><h3>Edificio de viviendas plurifamiliar con comercio y restaurante en Montblanc<\/h3>\n<\/div><\/section><\/p><\/div>\n<style type=\"text\/css\" data-created_by=\"avia_inline_auto\" id=\"style-css-av-b2kvo-1a071a1c33fa29cdc3df7bdb4d605983\">\n.flex_column.av-b2kvo-1a071a1c33fa29cdc3df7bdb4d605983{\nwidth:32%;\n}\n<\/style>\n<div  class='flex_column av-b2kvo-1a071a1c33fa29cdc3df7bdb4d605983 av_one_third  avia-builder-el-14  el_after_av_one_third  avia-builder-el-last  first av-break-at-tablet flex_column_div  column-top-margin'     ><p>\n<style type=\"text\/css\" data-created_by=\"avia_inline_auto\" id=\"style-css-av-lkgsfmjw-cd005562cd33f54c54304977a5874a4d\">\n.avia-image-container.av-lkgsfmjw-cd005562cd33f54c54304977a5874a4d img.avia_image{\nbox-shadow:none;\n}\n.avia-image-container.av-lkgsfmjw-cd005562cd33f54c54304977a5874a4d .av-caption-image-overlay-bg{\nopacity:0.4;\nbackground-color:#000000;\n}\n.avia-image-container.av-lkgsfmjw-cd005562cd33f54c54304977a5874a4d .av-image-caption-overlay-center{\ncolor:#ffffff;\n}\n<\/style>\n<div  class='avia-image-container av-lkgsfmjw-cd005562cd33f54c54304977a5874a4d av-styling-no-styling avia-align-center  avia-builder-el-15  el_before_av_textblock  avia-builder-el-first  noHover av-overlay-on-hover'   itemprop=\"image\" itemscope=\"itemscope\" itemtype=\"https:\/\/schema.org\/ImageObject\" ><div class=\"avia-image-container-inner\"><div class=\"avia-image-overlay-wrap\"><div class=\"av-image-caption-overlay\"><div class=\"av-caption-image-overlay-bg\"><\/div><div class=\"av-image-caption-overlay-position\"><div class=\"av-image-caption-overlay-center\"><p><strong>Cliente:<\/strong> Ayuntamiento de Sant Pere de Ribes<br \/>\n<strong>Emplazamiento:<\/strong> Sant Pere de Ribes (Barcelona)<br \/>\n<strong>Arquitectura:<\/strong> Haga Godoy Arquitectos SLP<br \/>\n<strong>Superficie construida:<\/strong> 1.009,89 m\u00b2<br \/>\n<strong>Actuaci\u00f3n:<\/strong> Instalaciones para proyecto ejecutivo<br \/>\n<strong>Presupuesto instalaciones:<\/strong> 264.059,69 \u20ac<\/p>\n<\/div><\/div><\/div><img decoding=\"async\" class='wp-image-325 avia-img-lazy-loading-not-325 avia_image ' src=\"https:\/\/cb2g.com\/wp-content\/uploads\/2023\/07\/Foto-4-495x400.jpg\" alt='' title='Foto 4'  height=\"400\" width=\"495\"  itemprop=\"thumbnailUrl\" srcset=\"https:\/\/cb2g.com\/wp-content\/uploads\/2023\/07\/Foto-4-495x400.jpg 495w, https:\/\/cb2g.com\/wp-content\/uploads\/2023\/07\/Foto-4-845x684.jpg 845w\" sizes=\"(max-width: 495px) 100vw, 495px\" \/><\/div><\/div><\/div><br \/>\n<section  class='av_textblock_section av-lkgsevp5-65355d5f7d80b64e4514cb8796c76698 '   itemscope=\"itemscope\" itemtype=\"https:\/\/schema.org\/CreativeWork\" ><div class='avia_textblock'  itemprop=\"text\" ><h3>Biblioteca Josep Pla en Sant Pere de Ribes<\/h3>\n<\/div><\/section><\/p><\/div>\n\n<\/div><\/div><\/div><!-- close content main div --><\/div><\/div><div id='urbanitzacio'  class='avia-section av-z4g6c-c8e158a9562c3e05df5041a5431f336b main_color avia-section-default avia-no-border-styling  avia-builder-el-17  el_after_av_section  el_before_av_section  projectes-columns avia-bg-style-scroll container_wrap fullsize'  ><div class='container av-section-cont-open' ><div class='template-page content  av-content-full alpha units'><div class='post-entry post-entry-type-page post-entry-411'><div class='entry-content-wrapper clearfix'>\n\n<style type=\"text\/css\" data-created_by=\"avia_inline_auto\" id=\"style-css-av-li07up8s-7f4aea11d3be6df234d80c60d1383b16\">\n#top .av-special-heading.av-li07up8s-7f4aea11d3be6df234d80c60d1383b16{\nmargin:0 0 0 0;\npadding-bottom:10px;\n}\nbody .av-special-heading.av-li07up8s-7f4aea11d3be6df234d80c60d1383b16 .av-special-heading-tag .heading-char{\nfont-size:25px;\n}\n#top #wrap_all .av-special-heading.av-li07up8s-7f4aea11d3be6df234d80c60d1383b16 .av-special-heading-tag{\npadding:0 0 0 0;\n}\n.av-special-heading.av-li07up8s-7f4aea11d3be6df234d80c60d1383b16 .av-subheading{\nfont-size:15px;\n}\n<\/style>\n<div  class='av-special-heading av-li07up8s-7f4aea11d3be6df234d80c60d1383b16 av-special-heading-h2 blockquote modern-quote  avia-builder-el-18  el_before_av_hr  avia-builder-el-first '><h2 class='av-special-heading-tag'  itemprop=\"headline\"  >Urbanizaci\u00f3n<\/h2><div class=\"special-heading-border\"><div class=\"special-heading-inner-border\"><\/div><\/div><\/div>\n\n<style type=\"text\/css\" data-created_by=\"avia_inline_auto\" id=\"style-css-av-y3u9w-3d273b4166dad177606065137922c547\">\n#top .hr.hr-invisible.av-y3u9w-3d273b4166dad177606065137922c547{\nheight:20px;\n}\n<\/style>\n<div  class='hr av-y3u9w-3d273b4166dad177606065137922c547 hr-invisible  avia-builder-el-19  el_after_av_heading  el_before_av_one_third '><span class='hr-inner '><span class=\"hr-inner-style\"><\/span><\/span><\/div>\n\n<style type=\"text\/css\" data-created_by=\"avia_inline_auto\" id=\"style-css-av-8yelg-47b67bd008f21789d4048d7ca3920385\">\n.flex_column.av-8yelg-47b67bd008f21789d4048d7ca3920385{\nwidth:32%;\n}\n<\/style>\n<div  class='flex_column av-8yelg-47b67bd008f21789d4048d7ca3920385 av_one_third  avia-builder-el-20  el_after_av_hr  el_before_av_one_third  first av-break-at-tablet flex_column_div  '     ><p>\n<style type=\"text\/css\" data-created_by=\"avia_inline_auto\" id=\"style-css-av-lkgszbh3-fe0631a71e3714dbe5902a9dc3639aa7\">\n.avia-image-container.av-lkgszbh3-fe0631a71e3714dbe5902a9dc3639aa7 img.avia_image{\nbox-shadow:none;\n}\n.avia-image-container.av-lkgszbh3-fe0631a71e3714dbe5902a9dc3639aa7 .av-caption-image-overlay-bg{\nopacity:0.4;\nbackground-color:#000000;\n}\n.avia-image-container.av-lkgszbh3-fe0631a71e3714dbe5902a9dc3639aa7 .av-image-caption-overlay-center{\ncolor:#ffffff;\n}\n<\/style>\n<div  class='avia-image-container av-lkgszbh3-fe0631a71e3714dbe5902a9dc3639aa7 av-styling-no-styling avia-align-center  avia-builder-el-21  el_before_av_textblock  avia-builder-el-first  noHover av-overlay-on-hover'   itemprop=\"image\" itemscope=\"itemscope\" itemtype=\"https:\/\/schema.org\/ImageObject\" ><div class=\"avia-image-container-inner\"><div class=\"avia-image-overlay-wrap\"><div class=\"av-image-caption-overlay\"><div class=\"av-caption-image-overlay-bg\"><\/div><div class=\"av-image-caption-overlay-position\"><div class=\"av-image-caption-overlay-center\"><p><strong>Cliente:<\/strong> Ayuntamiento de Cardona<br \/>\n<strong>Emplazamiento:<\/strong> Cardona (Barcelona)<br \/>\n<strong>Actuaci\u00f3n:<\/strong> Proyecto ejecutivo, direcci\u00f3n de obra y direcci\u00f3n de seguridad y salud<br \/>\n<strong>Presupuesto:<\/strong> 770.101,64\u20ac<\/p>\n<\/div><\/div><\/div><img decoding=\"async\" class='wp-image-365 avia-img-lazy-loading-not-365 avia_image ' src=\"https:\/\/cb2g.com\/wp-content\/uploads\/2023\/07\/Foto-5-495x400.jpg\" alt='' title='Foto 5'  height=\"400\" width=\"495\"  itemprop=\"thumbnailUrl\" srcset=\"https:\/\/cb2g.com\/wp-content\/uploads\/2023\/07\/Foto-5-495x400.jpg 495w, https:\/\/cb2g.com\/wp-content\/uploads\/2023\/07\/Foto-5-845x684.jpg 845w\" sizes=\"(max-width: 495px) 100vw, 495px\" \/><\/div><\/div><\/div><br \/>\n<section  class='av_textblock_section av-lkgsuq02-9d02c1a47f467cc2fcf797501f640df7 '   itemscope=\"itemscope\" itemtype=\"https:\/\/schema.org\/CreativeWork\" ><div class='avia_textblock'  itemprop=\"text\" ><h3>Renovaci\u00f3n alumbrado p\u00fablico del municipio de Cardona<\/h3>\n<\/div><\/section><\/p><\/div>\n<style type=\"text\/css\" data-created_by=\"avia_inline_auto\" id=\"style-css-av-8rlzw-56aa503f3766ca7557a85a75a717f8e2\">\n.flex_column.av-8rlzw-56aa503f3766ca7557a85a75a717f8e2{\nwidth:32%;\nmargin-left:2%;\n}\n<\/style>\n<div  class='flex_column av-8rlzw-56aa503f3766ca7557a85a75a717f8e2 av_one_third  avia-builder-el-23  el_after_av_one_third  el_before_av_one_third  av-break-at-tablet flex_column_div  '     ><p>\n<style type=\"text\/css\" data-created_by=\"avia_inline_auto\" id=\"style-css-av-lkgt394p-5a3c83c9ae6cf8bdf703b071fb754721\">\n.avia-image-container.av-lkgt394p-5a3c83c9ae6cf8bdf703b071fb754721 img.avia_image{\nbox-shadow:none;\n}\n.avia-image-container.av-lkgt394p-5a3c83c9ae6cf8bdf703b071fb754721 .av-caption-image-overlay-bg{\nopacity:0.4;\nbackground-color:#000000;\n}\n.avia-image-container.av-lkgt394p-5a3c83c9ae6cf8bdf703b071fb754721 .av-image-caption-overlay-center{\ncolor:#ffffff;\n}\n<\/style>\n<div  class='avia-image-container av-lkgt394p-5a3c83c9ae6cf8bdf703b071fb754721 av-styling-no-styling avia-align-center  avia-builder-el-24  el_before_av_textblock  avia-builder-el-first  noHover av-overlay-on-hover'   itemprop=\"image\" itemscope=\"itemscope\" itemtype=\"https:\/\/schema.org\/ImageObject\" ><div class=\"avia-image-container-inner\"><div class=\"avia-image-overlay-wrap\"><div class=\"av-image-caption-overlay\"><div class=\"av-caption-image-overlay-bg\"><\/div><div class=\"av-image-caption-overlay-position\"><div class=\"av-image-caption-overlay-center\"><p><strong>Cliente:<\/strong> Ayuntamiento de Sort<br \/>\n<strong>Emplazamiento:<\/strong> Sort (Lleida)<br \/>\n<strong>Superficie:<\/strong> 8.348,46 m\u00b2<br \/>\n<strong>Arquitectura:<\/strong> Haga Godoy Arquitectos SLP<br \/>\n<strong>Actuaci\u00f3n:<\/strong> Instalaciones para proyecto ejecutivo<br \/>\n<strong>Presupuesto instalaciones:<\/strong> 78.935,70\u20ac<\/p>\n<\/div><\/div><\/div><img decoding=\"async\" class='wp-image-326 avia-img-lazy-loading-not-326 avia_image ' src=\"https:\/\/cb2g.com\/wp-content\/uploads\/2023\/07\/Foto-6-495x400.jpg\" alt='' title='Foto 6'  height=\"400\" width=\"495\"  itemprop=\"thumbnailUrl\" srcset=\"https:\/\/cb2g.com\/wp-content\/uploads\/2023\/07\/Foto-6-495x400.jpg 495w, https:\/\/cb2g.com\/wp-content\/uploads\/2023\/07\/Foto-6-845x684.jpg 845w\" sizes=\"(max-width: 495px) 100vw, 495px\" \/><\/div><\/div><\/div><br \/>\n<section  class='av_textblock_section av-lkgt16aj-c060cd38f7908afdfc347a04eacbb3e5 '   itemscope=\"itemscope\" itemtype=\"https:\/\/schema.org\/CreativeWork\" ><div class='avia_textblock'  itemprop=\"text\" ><h3>Remodelaci\u00f3n del Parque el Riuet de Sort<\/h3>\n<\/div><\/section><\/p><\/div>\n<style type=\"text\/css\" data-created_by=\"avia_inline_auto\" id=\"style-css-av-7wgus-f80e960e72b64d3d82cef560d0aa51c8\">\n.flex_column.av-7wgus-f80e960e72b64d3d82cef560d0aa51c8{\nwidth:32%;\nmargin-left:2%;\n}\n<\/style>\n<div  class='flex_column av-7wgus-f80e960e72b64d3d82cef560d0aa51c8 av_one_third  avia-builder-el-26  el_after_av_one_third  el_before_av_one_third  av-break-at-tablet flex_column_div  '     ><p>\n<style type=\"text\/css\" data-created_by=\"avia_inline_auto\" id=\"style-css-av-lkgt7jqg-ad208d98bb985665765b38758c9651af\">\n.avia-image-container.av-lkgt7jqg-ad208d98bb985665765b38758c9651af img.avia_image{\nbox-shadow:none;\n}\n.avia-image-container.av-lkgt7jqg-ad208d98bb985665765b38758c9651af .av-caption-image-overlay-bg{\nopacity:0.4;\nbackground-color:#000000;\n}\n.avia-image-container.av-lkgt7jqg-ad208d98bb985665765b38758c9651af .av-image-caption-overlay-center{\ncolor:#ffffff;\n}\n<\/style>\n<div  class='avia-image-container av-lkgt7jqg-ad208d98bb985665765b38758c9651af av-styling-no-styling avia-align-center  avia-builder-el-27  el_before_av_textblock  avia-builder-el-first  noHover av-overlay-on-hover'   itemprop=\"image\" itemscope=\"itemscope\" itemtype=\"https:\/\/schema.org\/ImageObject\" ><div class=\"avia-image-container-inner\"><div class=\"avia-image-overlay-wrap\"><div class=\"av-image-caption-overlay\"><div class=\"av-caption-image-overlay-bg\"><\/div><div class=\"av-image-caption-overlay-position\"><div class=\"av-image-caption-overlay-center\"><p><strong>Cliente:<\/strong> Remodelaci\u00f3n del Paseo del R\u00edo de Sallent<br \/>\n<strong>Emplazamiento:<\/strong> Sallent (Barcelona)<br \/>\n<strong>Superficie:<\/strong> 6.610 m\u00b2<br \/>\n<strong>Arquitectura:<\/strong> Haga Godoy Arquitectos SLP<br \/>\n<strong>Actuaci\u00f3n:<\/strong> Instalaciones para proyecto ejecutivo<br \/>\n<strong>Presupuesto instalaciones:<\/strong> 137.830,06\u20ac<\/p>\n<\/div><\/div><\/div><img decoding=\"async\" class='wp-image-327 avia-img-lazy-loading-not-327 avia_image ' src=\"https:\/\/cb2g.com\/wp-content\/uploads\/2023\/07\/Foto-7-495x400.jpg\" alt='' title='Foto 7'  height=\"400\" width=\"495\"  itemprop=\"thumbnailUrl\"  \/><\/div><\/div><\/div><br \/>\n<section  class='av_textblock_section av-lkgt5k14-bf527c98b10374efeac01542d0acf37c '   itemscope=\"itemscope\" itemtype=\"https:\/\/schema.org\/CreativeWork\" ><div class='avia_textblock'  itemprop=\"text\" ><h3>Remodelaci\u00f3n del Paseo del R\u00edo de Sallent<\/h3>\n<\/div><\/section><\/p><\/div>\n<style type=\"text\/css\" data-created_by=\"avia_inline_auto\" id=\"style-css-av-be2gk-2bd9407ebe30413d7d84564eb20612a2\">\n.flex_column.av-be2gk-2bd9407ebe30413d7d84564eb20612a2{\nwidth:32%;\n}\n<\/style>\n<div  class='flex_column av-be2gk-2bd9407ebe30413d7d84564eb20612a2 av_one_third  avia-builder-el-29  el_after_av_one_third  avia-builder-el-last  first av-break-at-tablet flex_column_div  column-top-margin'     ><p>\n<style type=\"text\/css\" data-created_by=\"avia_inline_auto\" id=\"style-css-av-g8cdo-42561b80211bc87a7b61ff1fd9b140c1\">\n.avia-image-container.av-g8cdo-42561b80211bc87a7b61ff1fd9b140c1 img.avia_image{\nbox-shadow:none;\n}\n.avia-image-container.av-g8cdo-42561b80211bc87a7b61ff1fd9b140c1 .av-caption-image-overlay-bg{\nopacity:0.4;\nbackground-color:#000000;\n}\n.avia-image-container.av-g8cdo-42561b80211bc87a7b61ff1fd9b140c1 .av-image-caption-overlay-center{\ncolor:#ffffff;\n}\n<\/style>\n<div  class='avia-image-container av-g8cdo-42561b80211bc87a7b61ff1fd9b140c1 av-styling-no-styling avia-align-center  avia-builder-el-30  el_before_av_textblock  avia-builder-el-first  noHover av-overlay-on-hover'   itemprop=\"image\" itemscope=\"itemscope\" itemtype=\"https:\/\/schema.org\/ImageObject\" ><div class=\"avia-image-container-inner\"><div class=\"avia-image-overlay-wrap\"><div class=\"av-image-caption-overlay\"><div class=\"av-caption-image-overlay-bg\"><\/div><div class=\"av-image-caption-overlay-position\"><div class=\"av-image-caption-overlay-center\"><p><strong>Cliente:<\/strong> Ayuntamiento de Monistrol de Calders<br \/>\n<strong>Emplazamiento:<\/strong> Monistrol de Calders (Barcelona)<br \/>\n<strong>Actuaci\u00f3n:<\/strong> Direcci\u00f3n de obra y direcci\u00f3n de seguridad y salud<br \/>\n<strong>Presupuesto instalaciones:<\/strong> 283.875,51\u20ac<\/p>\n<\/div><\/div><\/div><img decoding=\"async\" class='wp-image-364 avia-img-lazy-loading-not-364 avia_image ' src=\"https:\/\/cb2g.com\/wp-content\/uploads\/2023\/07\/Foto-8-495x400.jpg\" alt='' title='Foto 8'  height=\"400\" width=\"495\"  itemprop=\"thumbnailUrl\" srcset=\"https:\/\/cb2g.com\/wp-content\/uploads\/2023\/07\/Foto-8-495x400.jpg 495w, https:\/\/cb2g.com\/wp-content\/uploads\/2023\/07\/Foto-8-845x684.jpg 845w\" sizes=\"(max-width: 495px) 100vw, 495px\" \/><\/div><\/div><\/div><br \/>\n<section  class='av_textblock_section av-8ddng-846930c09039b228f5230de0d7b6dfd6 '   itemscope=\"itemscope\" itemtype=\"https:\/\/schema.org\/CreativeWork\" ><div class='avia_textblock'  itemprop=\"text\" ><h3>Sustituci\u00f3n del colector principal de la red de alcantarillado por Monistrol de Calders<\/h3>\n<\/div><\/section><\/p><\/div>\n\n<\/div><\/div><\/div><!-- close content main div --><\/div><\/div><div id='installacions'  class='avia-section av-ay22k-2a020d4a711a7df14f89dfb8b53cb863 main_color avia-section-default avia-no-border-styling  avia-builder-el-32  el_after_av_section  el_before_av_section  projectes-columns avia-bg-style-scroll container_wrap fullsize'  ><div class='container av-section-cont-open' ><div class='template-page content  av-content-full alpha units'><div class='post-entry post-entry-type-page post-entry-411'><div class='entry-content-wrapper clearfix'>\n\n<style type=\"text\/css\" data-created_by=\"avia_inline_auto\" id=\"style-css-av-liix7il7-46c8cdf79fe74d9ceb619e8f2ab65ca0\">\n#top .av-special-heading.av-liix7il7-46c8cdf79fe74d9ceb619e8f2ab65ca0{\nmargin:0 0 0 0;\npadding-bottom:10px;\n}\nbody .av-special-heading.av-liix7il7-46c8cdf79fe74d9ceb619e8f2ab65ca0 .av-special-heading-tag .heading-char{\nfont-size:25px;\n}\n#top #wrap_all .av-special-heading.av-liix7il7-46c8cdf79fe74d9ceb619e8f2ab65ca0 .av-special-heading-tag{\npadding:0 0 0 0;\n}\n.av-special-heading.av-liix7il7-46c8cdf79fe74d9ceb619e8f2ab65ca0 .av-subheading{\nfont-size:15px;\n}\n<\/style>\n<div  class='av-special-heading av-liix7il7-46c8cdf79fe74d9ceb619e8f2ab65ca0 av-special-heading-h2 blockquote modern-quote  avia-builder-el-33  el_before_av_hr  avia-builder-el-first '><h2 class='av-special-heading-tag'  itemprop=\"headline\"  >Instalaciones<\/h2><div class=\"special-heading-border\"><div class=\"special-heading-inner-border\"><\/div><\/div><\/div>\n\n<style type=\"text\/css\" data-created_by=\"avia_inline_auto\" id=\"style-css-av-pp09o-c8f06be0053f1c6be253f9cf67c52c8c\">\n#top .hr.hr-invisible.av-pp09o-c8f06be0053f1c6be253f9cf67c52c8c{\nheight:20px;\n}\n<\/style>\n<div  class='hr av-pp09o-c8f06be0053f1c6be253f9cf67c52c8c hr-invisible  avia-builder-el-34  el_after_av_heading  el_before_av_one_third '><span class='hr-inner '><span class=\"hr-inner-style\"><\/span><\/span><\/div>\n\n<style type=\"text\/css\" data-created_by=\"avia_inline_auto\" id=\"style-css-av-86l1w-c3c4b41a0f73402ce91b29116c85e9bf\">\n.flex_column.av-86l1w-c3c4b41a0f73402ce91b29116c85e9bf{\nwidth:32%;\n}\n<\/style>\n<div  class='flex_column av-86l1w-c3c4b41a0f73402ce91b29116c85e9bf av_one_third  avia-builder-el-35  el_after_av_hr  el_before_av_one_third  first av-break-at-tablet flex_column_div  '     ><p>\n<style type=\"text\/css\" data-created_by=\"avia_inline_auto\" id=\"style-css-av-lkgtdpnm-891bffad81ddd16ff35604cbbf4b875c\">\n.avia-image-container.av-lkgtdpnm-891bffad81ddd16ff35604cbbf4b875c img.avia_image{\nbox-shadow:none;\n}\n.avia-image-container.av-lkgtdpnm-891bffad81ddd16ff35604cbbf4b875c .av-caption-image-overlay-bg{\nopacity:0.4;\nbackground-color:#000000;\n}\n.avia-image-container.av-lkgtdpnm-891bffad81ddd16ff35604cbbf4b875c .av-image-caption-overlay-center{\ncolor:#ffffff;\n}\n<\/style>\n<div  class='avia-image-container av-lkgtdpnm-891bffad81ddd16ff35604cbbf4b875c av-styling-no-styling avia-align-center  avia-builder-el-36  el_before_av_textblock  avia-builder-el-first  noHover av-overlay-on-hover'   itemprop=\"image\" itemscope=\"itemscope\" itemtype=\"https:\/\/schema.org\/ImageObject\" ><div class=\"avia-image-container-inner\"><div class=\"avia-image-overlay-wrap\"><div class=\"av-image-caption-overlay\"><div class=\"av-caption-image-overlay-bg\"><\/div><div class=\"av-image-caption-overlay-position\"><div class=\"av-image-caption-overlay-center\"><p><strong>Cliente:<\/strong> Caf\u00e8s Gener SL<br \/>\n<strong>Emplazamiento:<\/strong> Cardona (Barcelona)<br \/>\n<strong>Potencia:<\/strong> 124,30 kW<br \/>\n<strong>Actuaci\u00f3n:<\/strong> Proyecto ejecutivo y de legalizaci\u00f3n<\/p>\n<\/div><\/div><\/div><img decoding=\"async\" class='wp-image-328 avia-img-lazy-loading-not-328 avia_image ' src=\"https:\/\/cb2g.com\/wp-content\/uploads\/2023\/07\/Foto-9-495x400.jpg\" alt='' title='Foto 9'  height=\"400\" width=\"495\"  itemprop=\"thumbnailUrl\" srcset=\"https:\/\/cb2g.com\/wp-content\/uploads\/2023\/07\/Foto-9-495x400.jpg 495w, https:\/\/cb2g.com\/wp-content\/uploads\/2023\/07\/Foto-9-845x684.jpg 845w\" sizes=\"(max-width: 495px) 100vw, 495px\" \/><\/div><\/div><\/div><br \/>\n<section  class='av_textblock_section av-lkgtbidv-b0617c899213b57191be46f09bac1ccd '   itemscope=\"itemscope\" itemtype=\"https:\/\/schema.org\/CreativeWork\" ><div class='avia_textblock'  itemprop=\"text\" ><h3>Instalaci\u00f3n de gas propano para torrefacci\u00f3n de caf\u00e9<\/h3>\n<\/div><\/section><\/p><\/div>\n<style type=\"text\/css\" data-created_by=\"avia_inline_auto\" id=\"style-css-av-9f57w-6a130e2da8fe902754b398b53cca186f\">\n.flex_column.av-9f57w-6a130e2da8fe902754b398b53cca186f{\nwidth:32%;\nmargin-left:2%;\n}\n<\/style>\n<div  class='flex_column av-9f57w-6a130e2da8fe902754b398b53cca186f av_one_third  avia-builder-el-38  el_after_av_one_third  el_before_av_one_third  av-break-at-tablet flex_column_div  '     ><p>\n<style type=\"text\/css\" data-created_by=\"avia_inline_auto\" id=\"style-css-av-lkgtgu9j-165badc55cca2004d65e592bef38c384\">\n.avia-image-container.av-lkgtgu9j-165badc55cca2004d65e592bef38c384 img.avia_image{\nbox-shadow:none;\n}\n.avia-image-container.av-lkgtgu9j-165badc55cca2004d65e592bef38c384 .av-caption-image-overlay-bg{\nopacity:0.4;\nbackground-color:#000000;\n}\n.avia-image-container.av-lkgtgu9j-165badc55cca2004d65e592bef38c384 .av-image-caption-overlay-center{\ncolor:#ffffff;\n}\n<\/style>\n<div  class='avia-image-container av-lkgtgu9j-165badc55cca2004d65e592bef38c384 av-styling-no-styling avia-align-center  avia-builder-el-39  el_before_av_textblock  avia-builder-el-first  noHover av-overlay-on-hover'   itemprop=\"image\" itemscope=\"itemscope\" itemtype=\"https:\/\/schema.org\/ImageObject\" ><div class=\"avia-image-container-inner\"><div class=\"avia-image-overlay-wrap\"><div class=\"av-image-caption-overlay\"><div class=\"av-caption-image-overlay-bg\"><\/div><div class=\"av-image-caption-overlay-position\"><div class=\"av-image-caption-overlay-center\"><p><strong>Cliente:<\/strong> Ayuntamiento de Viladrau<br \/>\n<strong>Emplazamiento:<\/strong> Viladrau (Barcelona)<br \/>\n<strong>Presupuesto:<\/strong> 264.591,43 \u20ac<br \/>\n<strong>Actuaci\u00f3n:<\/strong> Proyecto ejecutivo<\/p>\n<\/div><\/div><\/div><img decoding=\"async\" class='wp-image-329 avia-img-lazy-loading-not-329 avia_image ' src=\"https:\/\/cb2g.com\/wp-content\/uploads\/2023\/07\/Foto-10-495x400.jpg\" alt='' title='Foto 10'  height=\"400\" width=\"495\"  itemprop=\"thumbnailUrl\" srcset=\"https:\/\/cb2g.com\/wp-content\/uploads\/2023\/07\/Foto-10-495x400.jpg 495w, https:\/\/cb2g.com\/wp-content\/uploads\/2023\/07\/Foto-10-845x684.jpg 845w\" sizes=\"(max-width: 495px) 100vw, 495px\" \/><\/div><\/div><\/div><br \/>\n<section  class='av_textblock_section av-lkgtf3f8-c1396c28455b24b0215db36b3aec4337 '   itemscope=\"itemscope\" itemtype=\"https:\/\/schema.org\/CreativeWork\" ><div class='avia_textblock'  itemprop=\"text\" ><h3>Renovaci\u00f3n de red de abastecimiento de agua en la zona de Puigdot en Viladrau<\/h3>\n<\/div><\/section><\/p><\/div>\n<style type=\"text\/css\" data-created_by=\"avia_inline_auto\" id=\"style-css-av-7owh8-587431198165ab8a4ce6e5019a3bc687\">\n.flex_column.av-7owh8-587431198165ab8a4ce6e5019a3bc687{\nwidth:32%;\nmargin-left:2%;\n}\n<\/style>\n<div  class='flex_column av-7owh8-587431198165ab8a4ce6e5019a3bc687 av_one_third  avia-builder-el-41  el_after_av_one_third  avia-builder-el-last  av-break-at-tablet flex_column_div  '     ><p>\n<style type=\"text\/css\" data-created_by=\"avia_inline_auto\" id=\"style-css-av-lkgtj44r-e1535807a82b00f4e3871868d82eb3b6\">\n.avia-image-container.av-lkgtj44r-e1535807a82b00f4e3871868d82eb3b6 img.avia_image{\nbox-shadow:none;\n}\n.avia-image-container.av-lkgtj44r-e1535807a82b00f4e3871868d82eb3b6 .av-caption-image-overlay-bg{\nopacity:0.4;\nbackground-color:#000000;\n}\n.avia-image-container.av-lkgtj44r-e1535807a82b00f4e3871868d82eb3b6 .av-image-caption-overlay-center{\ncolor:#ffffff;\n}\n<\/style>\n<div  class='avia-image-container av-lkgtj44r-e1535807a82b00f4e3871868d82eb3b6 av-styling-no-styling avia-align-center  avia-builder-el-42  el_before_av_textblock  avia-builder-el-first  noHover av-overlay-on-hover'   itemprop=\"image\" itemscope=\"itemscope\" itemtype=\"https:\/\/schema.org\/ImageObject\" ><div class=\"avia-image-container-inner\"><div class=\"avia-image-overlay-wrap\"><div class=\"av-image-caption-overlay\"><div class=\"av-caption-image-overlay-bg\"><\/div><div class=\"av-image-caption-overlay-position\"><div class=\"av-image-caption-overlay-center\"><p><strong>Cliente:<\/strong> Ayuntamiento de Pallej\u00e0<br \/>\n<strong>Emplazamiento:<\/strong> Pallej\u00e0 (Barcelona)<br \/>\n<strong>Presupuesto:<\/strong> 67.215,81\u20ac<br \/>\n<strong>Actuaci\u00f3n:<\/strong> Proyecto ejecutivo<\/p>\n<\/div><\/div><\/div><img decoding=\"async\" class='wp-image-330 avia-img-lazy-loading-not-330 avia_image ' src=\"https:\/\/cb2g.com\/wp-content\/uploads\/2023\/07\/Foto-11-495x400.jpg\" alt='' title='Foto 11'  height=\"400\" width=\"495\"  itemprop=\"thumbnailUrl\" srcset=\"https:\/\/cb2g.com\/wp-content\/uploads\/2023\/07\/Foto-11-495x400.jpg 495w, https:\/\/cb2g.com\/wp-content\/uploads\/2023\/07\/Foto-11-845x684.jpg 845w\" sizes=\"(max-width: 495px) 100vw, 495px\" \/><\/div><\/div><\/div><br \/>\n<section  class='av_textblock_section av-lkgthzou-3afba9f7529baae81fe8154550eb89e5 '   itemscope=\"itemscope\" itemtype=\"https:\/\/schema.org\/CreativeWork\" ><div class='avia_textblock'  itemprop=\"text\" ><h3>Renovaci\u00f3n del alumbrado del campo de f\u00fatbol municipal de Pallej\u00e0<\/h3>\n<\/div><\/section><\/p><\/div>\n\n<\/div><\/div><\/div><!-- close content main div --><\/div><\/div><div id='llicencies'  class='avia-section av-2ift7w-b661d319896fe4cd5b9f0854192c9f87 main_color avia-section-default avia-no-border-styling  avia-builder-el-44  el_after_av_section  el_before_av_section  projectes-columns avia-bg-style-scroll container_wrap fullsize'  ><div class='container av-section-cont-open' ><div class='template-page content  av-content-full alpha units'><div class='post-entry post-entry-type-page post-entry-411'><div class='entry-content-wrapper clearfix'>\n\n<style type=\"text\/css\" data-created_by=\"avia_inline_auto\" id=\"style-css-av-liix7opa-665c0bf20af45747267e2f0ceb22e705\">\n#top .av-special-heading.av-liix7opa-665c0bf20af45747267e2f0ceb22e705{\nmargin:0 0 0 0;\npadding-bottom:10px;\n}\nbody .av-special-heading.av-liix7opa-665c0bf20af45747267e2f0ceb22e705 .av-special-heading-tag .heading-char{\nfont-size:25px;\n}\n#top #wrap_all .av-special-heading.av-liix7opa-665c0bf20af45747267e2f0ceb22e705 .av-special-heading-tag{\npadding:0 0 0 0;\n}\n.av-special-heading.av-liix7opa-665c0bf20af45747267e2f0ceb22e705 .av-subheading{\nfont-size:15px;\n}\n<\/style>\n<div  class='av-special-heading av-liix7opa-665c0bf20af45747267e2f0ceb22e705 av-special-heading-h2 blockquote modern-quote  avia-builder-el-45  el_before_av_hr  avia-builder-el-first '><h2 class='av-special-heading-tag'  itemprop=\"headline\"  >Licencia de actividades<\/h2><div class=\"special-heading-border\"><div class=\"special-heading-inner-border\"><\/div><\/div><\/div>\n\n<style type=\"text\/css\" data-created_by=\"avia_inline_auto\" id=\"style-css-av-ged78-0e31fa8e44cc88cf599fd6bf393afd73\">\n#top .hr.hr-invisible.av-ged78-0e31fa8e44cc88cf599fd6bf393afd73{\nheight:20px;\n}\n<\/style>\n<div  class='hr av-ged78-0e31fa8e44cc88cf599fd6bf393afd73 hr-invisible  avia-builder-el-46  el_after_av_heading  el_before_av_one_third '><span class='hr-inner '><span class=\"hr-inner-style\"><\/span><\/span><\/div>\n\n<style type=\"text\/css\" data-created_by=\"avia_inline_auto\" id=\"style-css-av-bptas-63cc44b9900911292103490d5956ed3e\">\n.flex_column.av-bptas-63cc44b9900911292103490d5956ed3e{\nwidth:32%;\n}\n<\/style>\n<div  class='flex_column av-bptas-63cc44b9900911292103490d5956ed3e av_one_third  avia-builder-el-47  el_after_av_hr  el_before_av_one_third  first av-break-at-tablet flex_column_div  '     ><p>\n<style type=\"text\/css\" data-created_by=\"avia_inline_auto\" id=\"style-css-av-lkgtmzof-d61113b1c6f96b1093c0d066c68b1a87\">\n.avia-image-container.av-lkgtmzof-d61113b1c6f96b1093c0d066c68b1a87 img.avia_image{\nbox-shadow:none;\n}\n.avia-image-container.av-lkgtmzof-d61113b1c6f96b1093c0d066c68b1a87 .av-caption-image-overlay-bg{\nopacity:0.4;\nbackground-color:#000000;\n}\n.avia-image-container.av-lkgtmzof-d61113b1c6f96b1093c0d066c68b1a87 .av-image-caption-overlay-center{\ncolor:#ffffff;\n}\n<\/style>\n<div  class='avia-image-container av-lkgtmzof-d61113b1c6f96b1093c0d066c68b1a87 av-styling-no-styling avia-align-center  avia-builder-el-48  el_before_av_textblock  avia-builder-el-first  noHover av-overlay-on-hover'   itemprop=\"image\" itemscope=\"itemscope\" itemtype=\"https:\/\/schema.org\/ImageObject\" ><div class=\"avia-image-container-inner\"><div class=\"avia-image-overlay-wrap\"><div class=\"av-image-caption-overlay\"><div class=\"av-caption-image-overlay-bg\"><\/div><div class=\"av-image-caption-overlay-position\"><div class=\"av-image-caption-overlay-center\"><p><strong>Cliente:<\/strong> SETRAM SA<br \/>\n<strong>Emplazamiento:<\/strong> Barcelona<br \/>\n<strong>Clasificaci\u00f3n:<\/strong> Anexo II \u2013 R\u00e9gimen de licencia ambiental<br \/>\n<strong>Actuaci\u00f3n:<\/strong> Proyecto de actividades y proyecto contra incendios<\/p>\n<\/div><\/div><\/div><img decoding=\"async\" class='wp-image-331 avia-img-lazy-loading-not-331 avia_image ' src=\"https:\/\/cb2g.com\/wp-content\/uploads\/2023\/07\/Foto-12-495x400.jpg\" alt='' title='Foto 12'  height=\"400\" width=\"495\"  itemprop=\"thumbnailUrl\" srcset=\"https:\/\/cb2g.com\/wp-content\/uploads\/2023\/07\/Foto-12-495x400.jpg 495w, https:\/\/cb2g.com\/wp-content\/uploads\/2023\/07\/Foto-12-845x684.jpg 845w\" sizes=\"(max-width: 495px) 100vw, 495px\" \/><\/div><\/div><\/div><br \/>\n<section  class='av_textblock_section av-lkgtl9cl-e7e7624e205f2dda2529fac6db833d30 '   itemscope=\"itemscope\" itemtype=\"https:\/\/schema.org\/CreativeWork\" ><div class='avia_textblock'  itemprop=\"text\" ><h3>Taller de reparaci\u00f3n de veh\u00edculos con operaciones de pintura en el puerto de Barcelona<\/h3>\n<\/div><\/section><\/p><\/div>\n<style type=\"text\/css\" data-created_by=\"avia_inline_auto\" id=\"style-css-av-864uk-e54227baa7a94c1b06f87396a830c3cd\">\n.flex_column.av-864uk-e54227baa7a94c1b06f87396a830c3cd{\nwidth:32%;\nmargin-left:2%;\n}\n<\/style>\n<div  class='flex_column av-864uk-e54227baa7a94c1b06f87396a830c3cd av_one_third  avia-builder-el-50  el_after_av_one_third  el_before_av_one_third  av-break-at-tablet flex_column_div  '     ><p>\n<style type=\"text\/css\" data-created_by=\"avia_inline_auto\" id=\"style-css-av-lkgtq8fi-d5968b9aaeb3e34c2a317aedd2aaff74\">\n.avia-image-container.av-lkgtq8fi-d5968b9aaeb3e34c2a317aedd2aaff74 img.avia_image{\nbox-shadow:none;\n}\n.avia-image-container.av-lkgtq8fi-d5968b9aaeb3e34c2a317aedd2aaff74 .av-caption-image-overlay-bg{\nopacity:0.4;\nbackground-color:#000000;\n}\n.avia-image-container.av-lkgtq8fi-d5968b9aaeb3e34c2a317aedd2aaff74 .av-image-caption-overlay-center{\ncolor:#ffffff;\n}\n<\/style>\n<div  class='avia-image-container av-lkgtq8fi-d5968b9aaeb3e34c2a317aedd2aaff74 av-styling-no-styling avia-align-center  avia-builder-el-51  el_before_av_textblock  avia-builder-el-first  noHover av-overlay-on-hover'   itemprop=\"image\" itemscope=\"itemscope\" itemtype=\"https:\/\/schema.org\/ImageObject\" ><div class=\"avia-image-container-inner\"><div class=\"avia-image-overlay-wrap\"><div class=\"av-image-caption-overlay\"><div class=\"av-caption-image-overlay-bg\"><\/div><div class=\"av-image-caption-overlay-position\"><div class=\"av-image-caption-overlay-center\"><p><strong>Cliente:<\/strong> Cerveses la Pirata SL<br \/>\n<strong>Emplazamiento:<\/strong> S\u00faria (Barcelona)<br \/>\n<strong>Clasificaci\u00f3n:<\/strong> Anexo III \u2013 R\u00e9gimen de comunicaci\u00f3n<br \/>\n<strong>Actuaci\u00f3n:<\/strong> Proyecto de obras, proyecto de actividades y proyecto contra incendios<\/p>\n<\/div><\/div><\/div><img decoding=\"async\" class='wp-image-332 avia-img-lazy-loading-not-332 avia_image ' src=\"https:\/\/cb2g.com\/wp-content\/uploads\/2023\/07\/Foto-13-495x400.jpg\" alt='' title='Foto 13'  height=\"400\" width=\"495\"  itemprop=\"thumbnailUrl\" srcset=\"https:\/\/cb2g.com\/wp-content\/uploads\/2023\/07\/Foto-13-495x400.jpg 495w, https:\/\/cb2g.com\/wp-content\/uploads\/2023\/07\/Foto-13-845x684.jpg 845w\" sizes=\"(max-width: 495px) 100vw, 495px\" \/><\/div><\/div><\/div><br \/>\n<section  class='av_textblock_section av-lkgtp0n4-d5e6816e367159731528ea52cf312986 '   itemscope=\"itemscope\" itemtype=\"https:\/\/schema.org\/CreativeWork\" ><div class='avia_textblock'  itemprop=\"text\" ><h3>F\u00e1brica de cerveza artesana<\/h3>\n<\/div><\/section><\/p><\/div>\n<style type=\"text\/css\" data-created_by=\"avia_inline_auto\" id=\"style-css-av-a0ook-c833f4de77a57a9a2b317617cf7ca4ed\">\n.flex_column.av-a0ook-c833f4de77a57a9a2b317617cf7ca4ed{\nwidth:32%;\nmargin-left:2%;\n}\n<\/style>\n<div  class='flex_column av-a0ook-c833f4de77a57a9a2b317617cf7ca4ed av_one_third  avia-builder-el-53  el_after_av_one_third  el_before_av_one_third  av-break-at-tablet flex_column_div  '     ><p>\n<style type=\"text\/css\" data-created_by=\"avia_inline_auto\" id=\"style-css-av-lkgtsnt5-5cc84169785f0019b1254baa2962046c\">\n.avia-image-container.av-lkgtsnt5-5cc84169785f0019b1254baa2962046c img.avia_image{\nbox-shadow:none;\n}\n.avia-image-container.av-lkgtsnt5-5cc84169785f0019b1254baa2962046c .av-caption-image-overlay-bg{\nopacity:0.4;\nbackground-color:#000000;\n}\n.avia-image-container.av-lkgtsnt5-5cc84169785f0019b1254baa2962046c .av-image-caption-overlay-center{\ncolor:#ffffff;\n}\n<\/style>\n<div  class='avia-image-container av-lkgtsnt5-5cc84169785f0019b1254baa2962046c av-styling-no-styling avia-align-center  avia-builder-el-54  el_before_av_textblock  avia-builder-el-first  noHover av-overlay-on-hover'   itemprop=\"image\" itemscope=\"itemscope\" itemtype=\"https:\/\/schema.org\/ImageObject\" ><div class=\"avia-image-container-inner\"><div class=\"avia-image-overlay-wrap\"><div class=\"av-image-caption-overlay\"><div class=\"av-caption-image-overlay-bg\"><\/div><div class=\"av-image-caption-overlay-position\"><div class=\"av-image-caption-overlay-center\"><p><strong>Cliente:<\/strong> Masias con Encant SL<br \/>\n<strong>Emplazamiento:<\/strong> Lladurs (Lleida)<br \/>\n<strong>Clasificaci\u00f3n:<\/strong> Anexo III &#8211; R\u00e9gimen de comunicaci\u00f3n<br \/>\n<strong>Actuaci\u00f3:<\/strong> Proyecto legalizaci\u00f3n instalaci\u00f3n el\u00e9ctrica y proyecto contra incencios<\/p>\n<\/div><\/div><\/div><img decoding=\"async\" class='wp-image-333 avia-img-lazy-loading-not-333 avia_image ' src=\"https:\/\/cb2g.com\/wp-content\/uploads\/2023\/07\/Foto-14-495x400.jpg\" alt='' title='Foto 14'  height=\"400\" width=\"495\"  itemprop=\"thumbnailUrl\" srcset=\"https:\/\/cb2g.com\/wp-content\/uploads\/2023\/07\/Foto-14-495x400.jpg 495w, https:\/\/cb2g.com\/wp-content\/uploads\/2023\/07\/Foto-14-845x684.jpg 845w\" sizes=\"(max-width: 495px) 100vw, 495px\" \/><\/div><\/div><\/div><br \/>\n<section  class='av_textblock_section av-lkgtrg8q-e41b015e9fe50ac4ccb48e010e319ced '   itemscope=\"itemscope\" itemtype=\"https:\/\/schema.org\/CreativeWork\" ><div class='avia_textblock'  itemprop=\"text\" ><h3>Hotel rural<\/h3>\n<\/div><\/section><\/p><\/div>\n<style type=\"text\/css\" data-created_by=\"avia_inline_auto\" id=\"style-css-av-anrp8-ebaf1a4acb440ae5255b0afc1bb1e6a6\">\n.flex_column.av-anrp8-ebaf1a4acb440ae5255b0afc1bb1e6a6{\nwidth:32%;\n}\n<\/style>\n<div  class='flex_column av-anrp8-ebaf1a4acb440ae5255b0afc1bb1e6a6 av_one_third  avia-builder-el-56  el_after_av_one_third  avia-builder-el-last  first av-break-at-tablet flex_column_div  column-top-margin'     ><p>\n<style type=\"text\/css\" data-created_by=\"avia_inline_auto\" id=\"style-css-av-lkgtvp0q-d41afc3f520fed23b268fa241b6fc829\">\n.avia-image-container.av-lkgtvp0q-d41afc3f520fed23b268fa241b6fc829 img.avia_image{\nbox-shadow:none;\n}\n.avia-image-container.av-lkgtvp0q-d41afc3f520fed23b268fa241b6fc829 .av-caption-image-overlay-bg{\nopacity:0.4;\nbackground-color:#000000;\n}\n.avia-image-container.av-lkgtvp0q-d41afc3f520fed23b268fa241b6fc829 .av-image-caption-overlay-center{\ncolor:#ffffff;\n}\n<\/style>\n<div  class='avia-image-container av-lkgtvp0q-d41afc3f520fed23b268fa241b6fc829 av-styling-no-styling avia-align-center  avia-builder-el-57  el_before_av_textblock  avia-builder-el-first  noHover av-overlay-on-hover'   itemprop=\"image\" itemscope=\"itemscope\" itemtype=\"https:\/\/schema.org\/ImageObject\" ><div class=\"avia-image-container-inner\"><div class=\"avia-image-overlay-wrap\"><div class=\"av-image-caption-overlay\"><div class=\"av-caption-image-overlay-bg\"><\/div><div class=\"av-image-caption-overlay-position\"><div class=\"av-image-caption-overlay-center\"><p><strong>Cliente:<\/strong> GRUPO ALVIC FR MOBILIARIO SL<br \/>\n<strong>Emplazamiento:<\/strong> Solsona (Lleida)<br \/>\n<strong>Clasificaci\u00f3n:<\/strong> Anexo III &#8211; R\u00e9gimen de comunicaci\u00f3n<br \/>\n<strong>Actuaci\u00f3n:<\/strong> Proyecto de actividades y proyecto contra incendios<\/p>\n<\/div><\/div><\/div><img decoding=\"async\" class='wp-image-334 avia-img-lazy-loading-not-334 avia_image ' src=\"https:\/\/cb2g.com\/wp-content\/uploads\/2023\/07\/Foto-15-495x400.jpg\" alt='' title='Foto 15'  height=\"400\" width=\"495\"  itemprop=\"thumbnailUrl\"  \/><\/div><\/div><\/div><br \/>\n<section  class='av_textblock_section av-lkgttke5-32c7b388ce76fdfa2972190464c8fa51 '   itemscope=\"itemscope\" itemtype=\"https:\/\/schema.org\/CreativeWork\" ><div class='avia_textblock'  itemprop=\"text\" ><h3>F\u00e1brica de mobiliario<\/h3>\n<\/div><\/section><\/p><\/div><\/div><\/div><\/div><!-- close content main div --><\/div><\/div><div id='renovables'  class='avia-section av-24t10c-98f1ff1632bb9785432d55cbde8320fd main_color avia-section-default avia-no-border-styling  avia-builder-el-59  el_after_av_section  el_before_av_section  projectes-columns avia-bg-style-scroll container_wrap fullsize'  ><div class='container av-section-cont-open' ><div class='template-page content  av-content-full alpha units'><div class='post-entry post-entry-type-page post-entry-411'><div class='entry-content-wrapper clearfix'>\n\n<style type=\"text\/css\" data-created_by=\"avia_inline_auto\" id=\"style-css-av-liix7u5m-b01f9b889e678f08855d97474636267c\">\n#top .av-special-heading.av-liix7u5m-b01f9b889e678f08855d97474636267c{\nmargin:0 0 0 0;\npadding-bottom:10px;\n}\nbody .av-special-heading.av-liix7u5m-b01f9b889e678f08855d97474636267c .av-special-heading-tag .heading-char{\nfont-size:25px;\n}\n#top #wrap_all .av-special-heading.av-liix7u5m-b01f9b889e678f08855d97474636267c .av-special-heading-tag{\npadding:0 0 0 0;\n}\n.av-special-heading.av-liix7u5m-b01f9b889e678f08855d97474636267c .av-subheading{\nfont-size:15px;\n}\n<\/style>\n<div  class='av-special-heading av-liix7u5m-b01f9b889e678f08855d97474636267c av-special-heading-h2 blockquote modern-quote  avia-builder-el-60  el_before_av_hr  avia-builder-el-first '><h2 class='av-special-heading-tag'  itemprop=\"headline\"  >Energ\u00edas renovables<\/h2><div class=\"special-heading-border\"><div class=\"special-heading-inner-border\"><\/div><\/div><\/div>\n\n<style type=\"text\/css\" data-created_by=\"avia_inline_auto\" id=\"style-css-av-lk0zixyg-3b7ecf1cfd98722e31b6995d573f8ecd\">\n#top .hr.hr-invisible.av-lk0zixyg-3b7ecf1cfd98722e31b6995d573f8ecd{\nheight:20px;\n}\n<\/style>\n<div  class='hr av-lk0zixyg-3b7ecf1cfd98722e31b6995d573f8ecd hr-invisible  avia-builder-el-61  el_after_av_heading  el_before_av_one_third '><span class='hr-inner '><span class=\"hr-inner-style\"><\/span><\/span><\/div>\n\n<style type=\"text\/css\" data-created_by=\"avia_inline_auto\" id=\"style-css-av-ruuqk-1711ed730d5914bd16a4bd79aa215290\">\n.flex_column.av-ruuqk-1711ed730d5914bd16a4bd79aa215290{\nwidth:32%;\n}\n<\/style>\n<div  class='flex_column av-ruuqk-1711ed730d5914bd16a4bd79aa215290 av_one_third  avia-builder-el-62  el_after_av_hr  el_before_av_one_third  first av-break-at-tablet flex_column_div  '     ><p>\n<style type=\"text\/css\" data-created_by=\"avia_inline_auto\" id=\"style-css-av-lkhyx65o-c21caebbc5845dbd95d6a34d57fe1cd1\">\n.avia-image-container.av-lkhyx65o-c21caebbc5845dbd95d6a34d57fe1cd1 img.avia_image{\nbox-shadow:none;\n}\n.avia-image-container.av-lkhyx65o-c21caebbc5845dbd95d6a34d57fe1cd1 .av-caption-image-overlay-bg{\nopacity:0.4;\nbackground-color:#000000;\n}\n.avia-image-container.av-lkhyx65o-c21caebbc5845dbd95d6a34d57fe1cd1 .av-image-caption-overlay-center{\ncolor:#ffffff;\n}\n<\/style>\n<div  class='avia-image-container av-lkhyx65o-c21caebbc5845dbd95d6a34d57fe1cd1 av-styling-no-styling avia-align-center  avia-builder-el-63  el_before_av_textblock  avia-builder-el-first  noHover av-overlay-on-hover'   itemprop=\"image\" itemscope=\"itemscope\" itemtype=\"https:\/\/schema.org\/ImageObject\" ><div class=\"avia-image-container-inner\"><div class=\"avia-image-overlay-wrap\"><div class=\"av-image-caption-overlay\"><div class=\"av-caption-image-overlay-bg\"><\/div><div class=\"av-image-caption-overlay-position\"><div class=\"av-image-caption-overlay-center\"><p><strong>Cliente:<\/strong> Institut Francesc Ribalta<br \/>\n<strong>Emplazamiento:<\/strong> Solsona (Lleida)<br \/>\n<strong>Potencia:<\/strong> 36 kWp<br \/>\n<strong>Actuaci\u00f3n:<\/strong> Proyecto ejecutivo instalaci\u00f3n fotovoltaica<br \/>\n<strong>Presupuesto:<\/strong> 52.749,21\u20ac<\/p>\n<\/div><\/div><\/div><img decoding=\"async\" class='wp-image-335 avia-img-lazy-loading-not-335 avia_image ' src=\"https:\/\/cb2g.com\/wp-content\/uploads\/2023\/07\/Foto-16-495x400.jpg\" alt='' title='Foto 16'  height=\"400\" width=\"495\"  itemprop=\"thumbnailUrl\"  \/><\/div><\/div><\/div><br \/>\n<section  class='av_textblock_section av-lkhypjoc-87ddf12e54ffd4a7a5dce89ad1d74548 '   itemscope=\"itemscope\" itemtype=\"https:\/\/schema.org\/CreativeWork\" ><div class='avia_textblock'  itemprop=\"text\" ><h3>Instalaci\u00f3n fotovoltaica instituto Francesc Ribalta<\/h3>\n<\/div><\/section><\/p><\/div>\n<style type=\"text\/css\" data-created_by=\"avia_inline_auto\" id=\"style-css-av-leblg-ed9f2ec6b164d194f0484b148f94f0b9\">\n.flex_column.av-leblg-ed9f2ec6b164d194f0484b148f94f0b9{\nwidth:32%;\nmargin-left:2%;\n}\n<\/style>\n<div  class='flex_column av-leblg-ed9f2ec6b164d194f0484b148f94f0b9 av_one_third  avia-builder-el-65  el_after_av_one_third  el_before_av_one_third  av-break-at-tablet flex_column_div  '     ><p>\n<style type=\"text\/css\" data-created_by=\"avia_inline_auto\" id=\"style-css-av-lkhz010t-cd07a4fc320f3ec7d9052a42db7f8840\">\n.avia-image-container.av-lkhz010t-cd07a4fc320f3ec7d9052a42db7f8840 img.avia_image{\nbox-shadow:none;\n}\n.avia-image-container.av-lkhz010t-cd07a4fc320f3ec7d9052a42db7f8840 .av-caption-image-overlay-bg{\nopacity:0.4;\nbackground-color:#000000;\n}\n.avia-image-container.av-lkhz010t-cd07a4fc320f3ec7d9052a42db7f8840 .av-image-caption-overlay-center{\ncolor:#ffffff;\n}\n<\/style>\n<div  class='avia-image-container av-lkhz010t-cd07a4fc320f3ec7d9052a42db7f8840 av-styling-no-styling avia-align-center  avia-builder-el-66  el_before_av_textblock  avia-builder-el-first  noHover av-overlay-on-hover'   itemprop=\"image\" itemscope=\"itemscope\" itemtype=\"https:\/\/schema.org\/ImageObject\" ><div class=\"avia-image-container-inner\"><div class=\"avia-image-overlay-wrap\"><div class=\"av-image-caption-overlay\"><div class=\"av-caption-image-overlay-bg\"><\/div><div class=\"av-image-caption-overlay-position\"><div class=\"av-image-caption-overlay-center\"><p><strong>Cliente:<\/strong> Fustes Jan\u00e9 SL<br \/>\n<strong>Emplazamiento:<\/strong> Solsona (Lleida)<br \/>\n<strong>Potencia:<\/strong> 268 kWp<br \/>\n<strong>Actuaci\u00f3n:<\/strong> Proyecto cambio de cubierta de fibrocemento, proyecto legalizaci\u00f3n instalaci\u00f3n fotovoltaica<\/p>\n<\/div><\/div><\/div><img decoding=\"async\" class='wp-image-336 avia-img-lazy-loading-not-336 avia_image ' src=\"https:\/\/cb2g.com\/wp-content\/uploads\/2023\/07\/Foto-17-495x400.jpg\" alt='' title='Foto 17'  height=\"400\" width=\"495\"  itemprop=\"thumbnailUrl\" srcset=\"https:\/\/cb2g.com\/wp-content\/uploads\/2023\/07\/Foto-17-495x400.jpg 495w, https:\/\/cb2g.com\/wp-content\/uploads\/2023\/07\/Foto-17-845x684.jpg 845w\" sizes=\"(max-width: 495px) 100vw, 495px\" \/><\/div><\/div><\/div><br \/>\n<section  class='av_textblock_section av-lkhyyfy6-9d8da377b559bafb716c135189634bb5 '   itemscope=\"itemscope\" itemtype=\"https:\/\/schema.org\/CreativeWork\" ><div class='avia_textblock'  itemprop=\"text\" ><h3>Instalaci\u00f3n fotovoltaica en cubierta de aserradero<\/h3>\n<\/div><\/section><\/p><\/div>\n<style type=\"text\/css\" data-created_by=\"avia_inline_auto\" id=\"style-css-av-hn530-1fef41a00941337ccd74388c9e40452e\">\n.flex_column.av-hn530-1fef41a00941337ccd74388c9e40452e{\nwidth:32%;\nmargin-left:2%;\n}\n<\/style>\n<div  class='flex_column av-hn530-1fef41a00941337ccd74388c9e40452e av_one_third  avia-builder-el-68  el_after_av_one_third  el_before_av_one_third  av-break-at-tablet flex_column_div  '     ><p>\n<style type=\"text\/css\" data-created_by=\"avia_inline_auto\" id=\"style-css-av-lkhz1jzy-5648693ded8c2bed97a28698ab2886f7\">\n.avia-image-container.av-lkhz1jzy-5648693ded8c2bed97a28698ab2886f7 img.avia_image{\nbox-shadow:none;\n}\n.avia-image-container.av-lkhz1jzy-5648693ded8c2bed97a28698ab2886f7 .av-caption-image-overlay-bg{\nopacity:0.4;\nbackground-color:#000000;\n}\n.avia-image-container.av-lkhz1jzy-5648693ded8c2bed97a28698ab2886f7 .av-image-caption-overlay-center{\ncolor:#ffffff;\n}\n<\/style>\n<div  class='avia-image-container av-lkhz1jzy-5648693ded8c2bed97a28698ab2886f7 av-styling-no-styling avia-align-center  avia-builder-el-69  el_before_av_textblock  avia-builder-el-first  noHover av-overlay-on-hover'   itemprop=\"image\" itemscope=\"itemscope\" itemtype=\"https:\/\/schema.org\/ImageObject\" ><div class=\"avia-image-container-inner\"><div class=\"avia-image-overlay-wrap\"><div class=\"av-image-caption-overlay\"><div class=\"av-caption-image-overlay-bg\"><\/div><div class=\"av-image-caption-overlay-position\"><div class=\"av-image-caption-overlay-center\"><p><strong>Cliente:<\/strong> Fundaci\u00f3n Privada Escolar Virgen del Claustro<br \/>\n<strong>Emplazamiento:<\/strong> Solsona (Lleida)<br \/>\n<strong>Potencia:<\/strong> 401 kW<br \/>\n<strong>Actuaci\u00f3n:<\/strong> Proyecto de legalizaci\u00f3n<\/p>\n<\/div><\/div><\/div><img decoding=\"async\" class='wp-image-337 avia-img-lazy-loading-not-337 avia_image ' src=\"https:\/\/cb2g.com\/wp-content\/uploads\/2023\/07\/Foto-18-495x400.jpg\" alt='' title='Foto 18'  height=\"400\" width=\"495\"  itemprop=\"thumbnailUrl\" srcset=\"https:\/\/cb2g.com\/wp-content\/uploads\/2023\/07\/Foto-18-495x400.jpg 495w, https:\/\/cb2g.com\/wp-content\/uploads\/2023\/07\/Foto-18-845x684.jpg 845w\" sizes=\"(max-width: 495px) 100vw, 495px\" \/><\/div><\/div><\/div><br \/>\n<section  class='av_textblock_section av-a0dvo-77926f4300fb3a2b74fe14d9f2f59007 '   itemscope=\"itemscope\" itemtype=\"https:\/\/schema.org\/CreativeWork\" ><div class='avia_textblock'  itemprop=\"text\" ><h3>Instalaci\u00f3n caldera de biomasa en el centro escolar Ra\u00edces II de Solsona<\/h3>\n<\/div><\/section><\/p><\/div>\n<style type=\"text\/css\" data-created_by=\"avia_inline_auto\" id=\"style-css-av-1jbep8-2d462258f9c092f0fc953dbd9b90cfdb\">\n.flex_column.av-1jbep8-2d462258f9c092f0fc953dbd9b90cfdb{\nwidth:32%;\n}\n<\/style>\n<div  class='flex_column av-1jbep8-2d462258f9c092f0fc953dbd9b90cfdb av_one_third  avia-builder-el-71  el_after_av_one_third  avia-builder-el-last  first av-break-at-tablet flex_column_div  column-top-margin'     ><p>\n<style type=\"text\/css\" data-created_by=\"avia_inline_auto\" id=\"style-css-av-lkhz695w-d6b83914cea08c617136c9bc4cbd9693\">\n.avia-image-container.av-lkhz695w-d6b83914cea08c617136c9bc4cbd9693 img.avia_image{\nbox-shadow:none;\n}\n.avia-image-container.av-lkhz695w-d6b83914cea08c617136c9bc4cbd9693 .av-caption-image-overlay-bg{\nopacity:0.4;\nbackground-color:#000000;\n}\n.avia-image-container.av-lkhz695w-d6b83914cea08c617136c9bc4cbd9693 .av-image-caption-overlay-center{\ncolor:#ffffff;\n}\n<\/style>\n<div  class='avia-image-container av-lkhz695w-d6b83914cea08c617136c9bc4cbd9693 av-styling-no-styling avia-align-center  avia-builder-el-72  el_before_av_textblock  avia-builder-el-first  noHover av-overlay-on-hover'   itemprop=\"image\" itemscope=\"itemscope\" itemtype=\"https:\/\/schema.org\/ImageObject\" ><div class=\"avia-image-container-inner\"><div class=\"avia-image-overlay-wrap\"><div class=\"av-image-caption-overlay\"><div class=\"av-caption-image-overlay-bg\"><\/div><div class=\"av-image-caption-overlay-position\"><div class=\"av-image-caption-overlay-center\"><p><strong>Cliente:<\/strong> Ayuntamiento de Solsona<br \/>\n<strong>Emplazamiento:<\/strong> Lladurs (Lleida)<br \/>\n<strong>Potencia:<\/strong> 60 kW<br \/>\n<strong>Actuaci\u00f3n:<\/strong> Proyecto ejecutivo<br \/>\n<strong>Presupuesto:<\/strong> 50.741,05\u20ac<\/p>\n<\/div><\/div><\/div><img decoding=\"async\" class='wp-image-338 avia-img-lazy-loading-not-338 avia_image ' src=\"https:\/\/cb2g.com\/wp-content\/uploads\/2023\/07\/Foto-19-495x400.jpg\" alt='' title='Foto 19'  height=\"400\" width=\"495\"  itemprop=\"thumbnailUrl\" srcset=\"https:\/\/cb2g.com\/wp-content\/uploads\/2023\/07\/Foto-19-495x400.jpg 495w, https:\/\/cb2g.com\/wp-content\/uploads\/2023\/07\/Foto-19-845x684.jpg 845w\" sizes=\"(max-width: 495px) 100vw, 495px\" \/><\/div><\/div><\/div><br \/>\n<section  class='av_textblock_section av-lkhz4juz-fe6e58ce0219d829d18c6380f1fb4964 '   itemscope=\"itemscope\" itemtype=\"https:\/\/schema.org\/CreativeWork\" ><div class='avia_textblock'  itemprop=\"text\" ><h3>Renovaci\u00f3n central hidroel\u00e9ctrica de Mol\u00ed de Foix<\/h3>\n<\/div><\/section><\/p><\/div>\n<\/p>\n<\/div><\/div><\/div><!-- close content main div --><\/div><\/div><div id='autoproteccio'  class='avia-section av-1kmetw-5c8dbe7e8d567b59c224fe9cf584831e main_color avia-section-default avia-no-border-styling  avia-builder-el-74  el_after_av_section  el_before_av_section  projectes-columns avia-bg-style-scroll container_wrap fullsize'  ><div class='container av-section-cont-open' ><div class='template-page content  av-content-full alpha units'><div class='post-entry post-entry-type-page post-entry-411'><div class='entry-content-wrapper clearfix'>\n\n<style type=\"text\/css\" data-created_by=\"avia_inline_auto\" id=\"style-css-av-liix7zro-15502e8c718339b3289cc72d06140de1\">\n#top .av-special-heading.av-liix7zro-15502e8c718339b3289cc72d06140de1{\nmargin:0 0 0 0;\npadding-bottom:10px;\n}\nbody .av-special-heading.av-liix7zro-15502e8c718339b3289cc72d06140de1 .av-special-heading-tag .heading-char{\nfont-size:25px;\n}\n#top #wrap_all .av-special-heading.av-liix7zro-15502e8c718339b3289cc72d06140de1 .av-special-heading-tag{\npadding:0 0 0 0;\n}\n.av-special-heading.av-liix7zro-15502e8c718339b3289cc72d06140de1 .av-subheading{\nfont-size:15px;\n}\n<\/style>\n<div  class='av-special-heading av-liix7zro-15502e8c718339b3289cc72d06140de1 av-special-heading-h2 blockquote modern-quote  avia-builder-el-75  el_before_av_hr  avia-builder-el-first '><h2 class='av-special-heading-tag'  itemprop=\"headline\"  >Planes de autoprotecci\u00f3n<\/h2><div class=\"special-heading-border\"><div class=\"special-heading-inner-border\"><\/div><\/div><\/div>\n\n<style type=\"text\/css\" data-created_by=\"avia_inline_auto\" id=\"style-css-av-ls6to-eab56020cf75ec3a8512d2d06b597a12\">\n#top .hr.hr-invisible.av-ls6to-eab56020cf75ec3a8512d2d06b597a12{\nheight:20px;\n}\n<\/style>\n<div  class='hr av-ls6to-eab56020cf75ec3a8512d2d06b597a12 hr-invisible  avia-builder-el-76  el_after_av_heading  el_before_av_one_third '><span class='hr-inner '><span class=\"hr-inner-style\"><\/span><\/span><\/div>\n\n<style type=\"text\/css\" data-created_by=\"avia_inline_auto\" id=\"style-css-av-1hak0k-674c54ec36b1f9ad490e13c7e77fd8a8\">\n.flex_column.av-1hak0k-674c54ec36b1f9ad490e13c7e77fd8a8{\nwidth:32%;\n}\n<\/style>\n<div  class='flex_column av-1hak0k-674c54ec36b1f9ad490e13c7e77fd8a8 av_one_third  avia-builder-el-77  el_after_av_hr  el_before_av_one_third  first av-break-at-tablet flex_column_div  '     ><p>\n<style type=\"text\/css\" data-created_by=\"avia_inline_auto\" id=\"style-css-av-lkhz8fi3-99aecabc5986d049228f6c861271d1a5\">\n.avia-image-container.av-lkhz8fi3-99aecabc5986d049228f6c861271d1a5 img.avia_image{\nbox-shadow:none;\n}\n.avia-image-container.av-lkhz8fi3-99aecabc5986d049228f6c861271d1a5 .av-caption-image-overlay-bg{\nopacity:0.4;\nbackground-color:#000000;\n}\n.avia-image-container.av-lkhz8fi3-99aecabc5986d049228f6c861271d1a5 .av-image-caption-overlay-center{\ncolor:#ffffff;\n}\n<\/style>\n<div  class='avia-image-container av-lkhz8fi3-99aecabc5986d049228f6c861271d1a5 av-styling-no-styling avia-align-center  avia-builder-el-78  el_before_av_textblock  avia-builder-el-first  noHover av-overlay-on-hover'   itemprop=\"image\" itemscope=\"itemscope\" itemtype=\"https:\/\/schema.org\/ImageObject\" ><div class=\"avia-image-container-inner\"><div class=\"avia-image-overlay-wrap\"><div class=\"av-image-caption-overlay\"><div class=\"av-caption-image-overlay-bg\"><\/div><div class=\"av-image-caption-overlay-position\"><div class=\"av-image-caption-overlay-center\"><p><strong>Cliente:<\/strong> Les Comes de Sererols SL<br \/>\n<strong>Emplazamiento:<\/strong> S\u00faria (Barcelona)<br \/>\n<strong>Actividad:<\/strong> Actividades recreativas en espacios no cerrados al aire libre<\/p>\n<\/div><\/div><\/div><img decoding=\"async\" class='wp-image-339 avia-img-lazy-loading-not-339 avia_image ' src=\"https:\/\/cb2g.com\/wp-content\/uploads\/2023\/07\/Foto-20-495x400.jpg\" alt='' title='Foto 20'  height=\"400\" width=\"495\"  itemprop=\"thumbnailUrl\" srcset=\"https:\/\/cb2g.com\/wp-content\/uploads\/2023\/07\/Foto-20-495x400.jpg 495w, https:\/\/cb2g.com\/wp-content\/uploads\/2023\/07\/Foto-20-845x684.jpg 845w\" sizes=\"(max-width: 495px) 100vw, 495px\" \/><\/div><\/div><\/div><br \/>\n<section  class='av_textblock_section av-lkhz70rp-1da2bb2f99e1c70680db4077a92b7d39 '   itemscope=\"itemscope\" itemtype=\"https:\/\/schema.org\/CreativeWork\" ><div class='avia_textblock'  itemprop=\"text\" ><h3>Plan Autoprotecci\u00f3n para eventos en Masia les Comes<\/h3>\n<\/div><\/section><\/p><\/div>\n<style type=\"text\/css\" data-created_by=\"avia_inline_auto\" id=\"style-css-av-1aa9gc-658c923eab2a191624cb602240ab07c4\">\n.flex_column.av-1aa9gc-658c923eab2a191624cb602240ab07c4{\nwidth:32%;\nmargin-left:2%;\n}\n<\/style>\n<div  class='flex_column av-1aa9gc-658c923eab2a191624cb602240ab07c4 av_one_third  avia-builder-el-80  el_after_av_one_third  el_before_av_one_third  av-break-at-tablet flex_column_div  '     ><p>\n<style type=\"text\/css\" data-created_by=\"avia_inline_auto\" id=\"style-css-av-lkhz9n70-e76b5fd2d14b9153c1a2a2f9bb092512\">\n.avia-image-container.av-lkhz9n70-e76b5fd2d14b9153c1a2a2f9bb092512 img.avia_image{\nbox-shadow:none;\n}\n.avia-image-container.av-lkhz9n70-e76b5fd2d14b9153c1a2a2f9bb092512 .av-caption-image-overlay-bg{\nopacity:0.4;\nbackground-color:#000000;\n}\n.avia-image-container.av-lkhz9n70-e76b5fd2d14b9153c1a2a2f9bb092512 .av-image-caption-overlay-center{\ncolor:#ffffff;\n}\n<\/style>\n<div  class='avia-image-container av-lkhz9n70-e76b5fd2d14b9153c1a2a2f9bb092512 av-styling-no-styling avia-align-center  avia-builder-el-81  el_before_av_textblock  avia-builder-el-first  noHover av-overlay-on-hover'   itemprop=\"image\" itemscope=\"itemscope\" itemtype=\"https:\/\/schema.org\/ImageObject\" ><div class=\"avia-image-container-inner\"><div class=\"avia-image-overlay-wrap\"><div class=\"av-image-caption-overlay\"><div class=\"av-caption-image-overlay-bg\"><\/div><div class=\"av-image-caption-overlay-position\"><div class=\"av-image-caption-overlay-center\"><p><strong>Cliente:<\/strong> Ayuntamiento de Nav\u00e0s<br \/>\n<strong>Emplazamiento:<\/strong> Nav\u00e0s (Barcelona)<br \/>\n<strong>Actividad:<\/strong> Residencia de personas mayores<\/p>\n<\/div><\/div><\/div><img decoding=\"async\" class='wp-image-340 avia-img-lazy-loading-not-340 avia_image ' src=\"https:\/\/cb2g.com\/wp-content\/uploads\/2023\/07\/Foto-21-495x387.png\" alt='' title='Foto 21'  height=\"387\" width=\"495\"  itemprop=\"thumbnailUrl\"  \/><\/div><\/div><\/div><br \/>\n<section  class='av_textblock_section av-lkhz8ucr-d8a319f62ce2527d2d9b59f5f6eeec89 '   itemscope=\"itemscope\" itemtype=\"https:\/\/schema.org\/CreativeWork\" ><div class='avia_textblock'  itemprop=\"text\" ><h3>Plan Autoprotecci\u00f3n para Residencia de ancianos de Nav\u00e0s<\/h3>\n<\/div><\/section><\/p><\/div>\n<style type=\"text\/css\" data-created_by=\"avia_inline_auto\" id=\"style-css-av-12jwmc-47f9c96871be0e11a5614f34084eb49f\">\n.flex_column.av-12jwmc-47f9c96871be0e11a5614f34084eb49f{\nwidth:32%;\nmargin-left:2%;\n}\n<\/style>\n<div  class='flex_column av-12jwmc-47f9c96871be0e11a5614f34084eb49f av_one_third  avia-builder-el-83  el_after_av_one_third  avia-builder-el-last  av-break-at-tablet flex_column_div  '     ><p>\n<style type=\"text\/css\" data-created_by=\"avia_inline_auto\" id=\"style-css-av-lkhzb063-e89fa7ee162d36949013a7055c5668c0\">\n.avia-image-container.av-lkhzb063-e89fa7ee162d36949013a7055c5668c0 img.avia_image{\nbox-shadow:none;\n}\n.avia-image-container.av-lkhzb063-e89fa7ee162d36949013a7055c5668c0 .av-caption-image-overlay-bg{\nopacity:0.4;\nbackground-color:#000000;\n}\n.avia-image-container.av-lkhzb063-e89fa7ee162d36949013a7055c5668c0 .av-image-caption-overlay-center{\ncolor:#ffffff;\n}\n<\/style>\n<div  class='avia-image-container av-lkhzb063-e89fa7ee162d36949013a7055c5668c0 av-styling-no-styling avia-align-center  avia-builder-el-84  el_before_av_textblock  avia-builder-el-first  noHover av-overlay-on-hover'   itemprop=\"image\" itemscope=\"itemscope\" itemtype=\"https:\/\/schema.org\/ImageObject\" ><div class=\"avia-image-container-inner\"><div class=\"avia-image-overlay-wrap\"><div class=\"av-image-caption-overlay\"><div class=\"av-caption-image-overlay-bg\"><\/div><div class=\"av-image-caption-overlay-position\"><div class=\"av-image-caption-overlay-center\"><p><strong>Cliente:<\/strong> Camping Morunys SL<br \/>\n<strong>Emplazamiento:<\/strong> Sant Lloren\u00e7 de Morunys (Lleida) <strong>Actividad:<\/strong> Camping<\/p>\n<\/div><\/div><\/div><img decoding=\"async\" class='wp-image-341 avia-img-lazy-loading-not-341 avia_image ' src=\"https:\/\/cb2g.com\/wp-content\/uploads\/2023\/07\/Foto-22-495x400.jpg\" alt='' title='Foto 22'  height=\"400\" width=\"495\"  itemprop=\"thumbnailUrl\"  \/><\/div><\/div><\/div><br \/>\n<section  class='av_textblock_section av-lkhza45d-64790999340e174c723613cbbcf5ecb2 '   itemscope=\"itemscope\" itemtype=\"https:\/\/schema.org\/CreativeWork\" ><div class='avia_textblock'  itemprop=\"text\" ><h3>Plan Autoprotecci\u00f3n para Camping Morunys<\/h3>\n<\/div><\/section><\/p><\/div>\n\n<\/div><\/div><\/div><!-- close content main div --><\/div><\/div><div id='vehicles'  class='avia-section av-10m1yk-79d748a0aae46ce7cecbe71e33f2b473 main_color avia-section-default avia-no-border-styling  avia-builder-el-86  el_after_av_section  el_before_av_section  projectes-columns avia-bg-style-scroll container_wrap fullsize'  ><div class='container av-section-cont-open' ><div class='template-page content  av-content-full alpha units'><div class='post-entry post-entry-type-page post-entry-411'><div class='entry-content-wrapper clearfix'>\n\n<style type=\"text\/css\" data-created_by=\"avia_inline_auto\" id=\"style-css-av-liix87cu-d4bc7ed88cdb5f9b542375b075b6438d\">\n#top .av-special-heading.av-liix87cu-d4bc7ed88cdb5f9b542375b075b6438d{\nmargin:0 0 0 0;\npadding-bottom:10px;\n}\nbody .av-special-heading.av-liix87cu-d4bc7ed88cdb5f9b542375b075b6438d .av-special-heading-tag .heading-char{\nfont-size:25px;\n}\n#top #wrap_all .av-special-heading.av-liix87cu-d4bc7ed88cdb5f9b542375b075b6438d .av-special-heading-tag{\npadding:0 0 0 0;\n}\n.av-special-heading.av-liix87cu-d4bc7ed88cdb5f9b542375b075b6438d .av-subheading{\nfont-size:15px;\n}\n<\/style>\n<div  class='av-special-heading av-liix87cu-d4bc7ed88cdb5f9b542375b075b6438d av-special-heading-h2 blockquote modern-quote  avia-builder-el-87  el_before_av_one_third  avia-builder-el-first '><h2 class='av-special-heading-tag'  itemprop=\"headline\"  >Ingenier\u00eda de veh\u00edculos<\/h2><div class=\"special-heading-border\"><div class=\"special-heading-inner-border\"><\/div><\/div><\/div>\n\n<style type=\"text\/css\" data-created_by=\"avia_inline_auto\" id=\"style-css-av-3hvr0-09b74b73dab8a6ddc5c3fbe2953d59af\">\n.flex_column.av-3hvr0-09b74b73dab8a6ddc5c3fbe2953d59af{\nwidth:32%;\n}\n<\/style>\n<div  class='flex_column av-3hvr0-09b74b73dab8a6ddc5c3fbe2953d59af av_one_third  avia-builder-el-88  el_after_av_heading  el_before_av_one_third  first av-break-at-tablet flex_column_div  '     ><p>\n<style type=\"text\/css\" data-created_by=\"avia_inline_auto\" id=\"style-css-av-lkhze9c2-527d2e698effa145617971bb824a6a7e\">\n.avia-image-container.av-lkhze9c2-527d2e698effa145617971bb824a6a7e img.avia_image{\nbox-shadow:none;\n}\n.avia-image-container.av-lkhze9c2-527d2e698effa145617971bb824a6a7e .av-caption-image-overlay-bg{\nopacity:0.4;\nbackground-color:#000000;\n}\n.avia-image-container.av-lkhze9c2-527d2e698effa145617971bb824a6a7e .av-image-caption-overlay-center{\ncolor:#ffffff;\n}\n<\/style>\n<div  class='avia-image-container av-lkhze9c2-527d2e698effa145617971bb824a6a7e av-styling-no-styling avia-align-center  avia-builder-el-89  el_before_av_textblock  avia-builder-el-first  noHover av-overlay-on-hover'   itemprop=\"image\" itemscope=\"itemscope\" itemtype=\"https:\/\/schema.org\/ImageObject\" ><div class=\"avia-image-container-inner\"><div class=\"avia-image-overlay-wrap\"><div class=\"av-image-caption-overlay\"><div class=\"av-caption-image-overlay-bg\"><\/div><div class=\"av-image-caption-overlay-position\"><div class=\"av-image-caption-overlay-center\"><p><strong>Veh\u00edculo:<\/strong> Cami\u00f3n MAN 8&#215;8<br \/>\n<strong>Tipo de reforma:<\/strong> Transformaci\u00f3n de cami\u00f3n volquete a cami\u00f3n cuba<br \/>\n<strong>Actuaci\u00f3n:<\/strong> Proyecto ejecutivo y tr\u00e1mites con laboratorio de veh\u00edculos<\/p>\n<\/div><\/div><\/div><img decoding=\"async\" class='wp-image-342 avia-img-lazy-loading-not-342 avia_image ' src=\"https:\/\/cb2g.com\/wp-content\/uploads\/2023\/07\/Foto-23-495x400.jpg\" alt='' title='Foto 23'  height=\"400\" width=\"495\"  itemprop=\"thumbnailUrl\" srcset=\"https:\/\/cb2g.com\/wp-content\/uploads\/2023\/07\/Foto-23-495x400.jpg 495w, https:\/\/cb2g.com\/wp-content\/uploads\/2023\/07\/Foto-23-845x684.jpg 845w\" sizes=\"(max-width: 495px) 100vw, 495px\" \/><\/div><\/div><\/div><br \/>\n<section  class='av_textblock_section av-lkhzbzb3-eac915b37f2a2280273eaad360ce1ded '   itemscope=\"itemscope\" itemtype=\"https:\/\/schema.org\/CreativeWork\" ><div class='avia_textblock'  itemprop=\"text\" ><h3>Reforma de cami\u00f3n volquete 8&#215;8 a cami\u00f3n cisterna<\/h3>\n<\/div><\/section><\/p><\/div>\n<style type=\"text\/css\" data-created_by=\"avia_inline_auto\" id=\"style-css-av-qdzyk-07d4a11f74063ee57ec3eb3e3a56d591\">\n.flex_column.av-qdzyk-07d4a11f74063ee57ec3eb3e3a56d591{\nwidth:32%;\nmargin-left:2%;\n}\n<\/style>\n<div  class='flex_column av-qdzyk-07d4a11f74063ee57ec3eb3e3a56d591 av_one_third  avia-builder-el-91  el_after_av_one_third  el_before_av_hr  av-break-at-tablet flex_column_div  '     ><p>\n<style type=\"text\/css\" data-created_by=\"avia_inline_auto\" id=\"style-css-av-lkhzfshm-a403a2a07a625692142f34bdf8e06140\">\n.avia-image-container.av-lkhzfshm-a403a2a07a625692142f34bdf8e06140 img.avia_image{\nbox-shadow:none;\n}\n.avia-image-container.av-lkhzfshm-a403a2a07a625692142f34bdf8e06140 .av-caption-image-overlay-bg{\nopacity:0.4;\nbackground-color:#000000;\n}\n.avia-image-container.av-lkhzfshm-a403a2a07a625692142f34bdf8e06140 .av-image-caption-overlay-center{\ncolor:#ffffff;\n}\n<\/style>\n<div  class='avia-image-container av-lkhzfshm-a403a2a07a625692142f34bdf8e06140 av-styling-no-styling avia-align-center  avia-builder-el-92  el_before_av_textblock  avia-builder-el-first  noHover av-overlay-on-hover'   itemprop=\"image\" itemscope=\"itemscope\" itemtype=\"https:\/\/schema.org\/ImageObject\" ><div class=\"avia-image-container-inner\"><div class=\"avia-image-overlay-wrap\"><div class=\"av-image-caption-overlay\"><div class=\"av-caption-image-overlay-bg\"><\/div><div class=\"av-image-caption-overlay-position\"><div class=\"av-image-caption-overlay-center\"><p><strong>Veh\u00edculo:<\/strong> Jeep Wrangler<br \/>\n<strong>Tipo de reforma:<\/strong> Modificaci\u00f3n de las ruedas, adici\u00f3n de elementos exteriores a carrocer\u00eda y reforma del sistema de alumbrado del veh\u00edculo<br \/>\n<strong>Actuaci\u00f3n:<\/strong> Proyecto ejecutivo y tr\u00e1mites con laboratorio de veh\u00edculos<\/p>\n<\/div><\/div><\/div><img decoding=\"async\" class='wp-image-343 avia-img-lazy-loading-not-343 avia_image ' src=\"https:\/\/cb2g.com\/wp-content\/uploads\/2023\/07\/Foto-24-495x400.jpg\" alt='' title='Foto 24'  height=\"400\" width=\"495\"  itemprop=\"thumbnailUrl\" srcset=\"https:\/\/cb2g.com\/wp-content\/uploads\/2023\/07\/Foto-24-495x400.jpg 495w, https:\/\/cb2g.com\/wp-content\/uploads\/2023\/07\/Foto-24-845x684.jpg 845w\" sizes=\"(max-width: 495px) 100vw, 495px\" \/><\/div><\/div><\/div><br \/>\n<section  class='av_textblock_section av-lkhzes1j-3851048fdce330f84c5391d42e4f2a57 '   itemscope=\"itemscope\" itemtype=\"https:\/\/schema.org\/CreativeWork\" ><div class='avia_textblock'  itemprop=\"text\" ><h3>Reforma de veh\u00edculo 4&#215;4<\/h3>\n<\/div><\/section><\/p><\/div>\n<style type=\"text\/css\" data-created_by=\"avia_inline_auto\" id=\"style-css-av-foaxg-9f7eddf0cf6fbdfafe535e640a81b270\">\n#top .hr.hr-invisible.av-foaxg-9f7eddf0cf6fbdfafe535e640a81b270{\nheight:20px;\n}\n<\/style>\n<div  class='hr av-foaxg-9f7eddf0cf6fbdfafe535e640a81b270 hr-invisible  avia-builder-el-94  el_after_av_one_third  avia-builder-el-last '><span class='hr-inner '><span class=\"hr-inner-style\"><\/span><\/span><\/div>\n\n<\/div><\/div><\/div><!-- close content main div --><\/div><\/div><div id='certificats'  class='avia-section av-iq7pw-fe06acf42ed7427f13a1bc12e82d88f6 main_color avia-section-default avia-no-border-styling  avia-builder-el-95  el_after_av_section  avia-builder-el-last  projectes-columns avia-bg-style-scroll container_wrap fullsize'  ><div class='container av-section-cont-open' ><div class='template-page content  av-content-full alpha units'><div class='post-entry post-entry-type-page post-entry-411'><div class='entry-content-wrapper clearfix'>\n\n<style type=\"text\/css\" data-created_by=\"avia_inline_auto\" id=\"style-css-av-liix8hhs-36c11240d614cf68dc2c6dda051d3326\">\n#top .av-special-heading.av-liix8hhs-36c11240d614cf68dc2c6dda051d3326{\nmargin:0 0 0 0;\npadding-bottom:10px;\n}\nbody .av-special-heading.av-liix8hhs-36c11240d614cf68dc2c6dda051d3326 .av-special-heading-tag .heading-char{\nfont-size:25px;\n}\n#top #wrap_all .av-special-heading.av-liix8hhs-36c11240d614cf68dc2c6dda051d3326 .av-special-heading-tag{\npadding:0 0 0 0;\n}\n.av-special-heading.av-liix8hhs-36c11240d614cf68dc2c6dda051d3326 .av-subheading{\nfont-size:15px;\n}\n<\/style>\n<div  class='av-special-heading av-liix8hhs-36c11240d614cf68dc2c6dda051d3326 av-special-heading-h2 blockquote modern-quote  avia-builder-el-96  el_before_av_one_third  avia-builder-el-first '><h2 class='av-special-heading-tag'  itemprop=\"headline\"  >Certificados energ\u00e9ticos<\/h2><div class=\"special-heading-border\"><div class=\"special-heading-inner-border\"><\/div><\/div><\/div>\n\n<style type=\"text\/css\" data-created_by=\"avia_inline_auto\" id=\"style-css-av-j12x8-4f58f9486b50d960df31ada18b205b6b\">\n.flex_column.av-j12x8-4f58f9486b50d960df31ada18b205b6b{\nwidth:32%;\n}\n<\/style>\n<div  class='flex_column av-j12x8-4f58f9486b50d960df31ada18b205b6b av_one_third  avia-builder-el-97  el_after_av_heading  el_before_av_one_third  first av-break-at-tablet flex_column_div  '     ><p>\n<style type=\"text\/css\" data-created_by=\"avia_inline_auto\" id=\"style-css-av-lkhzikh7-1ff3eab5e1455701bec75f26feb84d2a\">\n.avia-image-container.av-lkhzikh7-1ff3eab5e1455701bec75f26feb84d2a img.avia_image{\nbox-shadow:none;\n}\n.avia-image-container.av-lkhzikh7-1ff3eab5e1455701bec75f26feb84d2a .av-caption-image-overlay-bg{\nopacity:0.4;\nbackground-color:#000000;\n}\n.avia-image-container.av-lkhzikh7-1ff3eab5e1455701bec75f26feb84d2a .av-image-caption-overlay-center{\ncolor:#ffffff;\n}\n<\/style>\n<div  class='avia-image-container av-lkhzikh7-1ff3eab5e1455701bec75f26feb84d2a av-styling-no-styling avia-align-center  avia-builder-el-98  el_before_av_textblock  avia-builder-el-first  noHover av-overlay-on-hover'   itemprop=\"image\" itemscope=\"itemscope\" itemtype=\"https:\/\/schema.org\/ImageObject\" ><div class=\"avia-image-container-inner\"><div class=\"avia-image-overlay-wrap\"><div class=\"av-image-caption-overlay\"><div class=\"av-caption-image-overlay-bg\"><\/div><div class=\"av-image-caption-overlay-position\"><div class=\"av-image-caption-overlay-center\"><p><strong>Superficie:<\/strong> 8.997,93 m\u00b2<br \/>\n<strong>Usos edificio:<\/strong> vivienda, aparcamiento, comercio y restaurante<\/p>\n<\/div><\/div><\/div><img decoding=\"async\" class='wp-image-344 avia-img-lazy-loading-not-344 avia_image ' src=\"https:\/\/cb2g.com\/wp-content\/uploads\/2023\/07\/Foto-25-495x400.jpg\" alt='' title='Foto 25'  height=\"400\" width=\"495\"  itemprop=\"thumbnailUrl\"  \/><\/div><\/div><\/div><br \/>\n<section  class='av_textblock_section av-lkhzgf8b-42bb31d19ede0aa411568abb2eda765a '   itemscope=\"itemscope\" itemtype=\"https:\/\/schema.org\/CreativeWork\" ><div class='avia_textblock'  itemprop=\"text\" ><h3>Certificado energ\u00e9tico edificio plurifamiliar con comercio y restaurante<\/h3>\n<\/div><\/section><\/p><\/div>\n<style type=\"text\/css\" data-created_by=\"avia_inline_auto\" id=\"style-css-av-fhhk4-70ab88db841e72898424f61e6ee6eae5\">\n.flex_column.av-fhhk4-70ab88db841e72898424f61e6ee6eae5{\nwidth:32%;\nmargin-left:2%;\n}\n<\/style>\n<div  class='flex_column av-fhhk4-70ab88db841e72898424f61e6ee6eae5 av_one_third  avia-builder-el-100  el_after_av_one_third  el_before_av_hr  av-break-at-tablet flex_column_div  '     ><p>\n<style type=\"text\/css\" data-created_by=\"avia_inline_auto\" id=\"style-css-av-lkhzj656-572d73169123d3c7ec63ddc4d2ab3ec6\">\n.avia-image-container.av-lkhzj656-572d73169123d3c7ec63ddc4d2ab3ec6 img.avia_image{\nbox-shadow:none;\n}\n.avia-image-container.av-lkhzj656-572d73169123d3c7ec63ddc4d2ab3ec6 .av-caption-image-overlay-bg{\nopacity:0.4;\nbackground-color:#000000;\n}\n.avia-image-container.av-lkhzj656-572d73169123d3c7ec63ddc4d2ab3ec6 .av-image-caption-overlay-center{\ncolor:#ffffff;\n}\n<\/style>\n<div  class='avia-image-container av-lkhzj656-572d73169123d3c7ec63ddc4d2ab3ec6 av-styling-no-styling avia-align-center  avia-builder-el-101  el_before_av_textblock  avia-builder-el-first  noHover av-overlay-on-hover'   itemprop=\"image\" itemscope=\"itemscope\" itemtype=\"https:\/\/schema.org\/ImageObject\" ><div class=\"avia-image-container-inner\"><div class=\"avia-image-overlay-wrap\"><div class=\"av-image-caption-overlay\"><div class=\"av-caption-image-overlay-bg\"><\/div><div class=\"av-image-caption-overlay-position\"><div class=\"av-image-caption-overlay-center\"><p><strong>Superficie:<\/strong> 5.622 m\u00b2<br \/>\n<strong>Usos edificio::<\/strong> Cultural (sala polivalente)<\/p>\n<\/div><\/div><\/div><img decoding=\"async\" class='wp-image-344 avia-img-lazy-loading-not-344 avia_image ' src=\"https:\/\/cb2g.com\/wp-content\/uploads\/2023\/07\/Foto-25-495x400.jpg\" alt='' title='Foto 25'  height=\"400\" width=\"495\"  itemprop=\"thumbnailUrl\"  \/><\/div><\/div><\/div><br \/>\n<section  class='av_textblock_section av-afzlw-07086a77edb7293400801ad9b729e0b8 '   itemscope=\"itemscope\" itemtype=\"https:\/\/schema.org\/CreativeWork\" ><div class='avia_textblock'  itemprop=\"text\" ><h3>Certificado energ\u00e9tico edificio destinado a sala polivalente<\/h3>\n<\/div><\/section><\/p><\/div>\n<style type=\"text\/css\" data-created_by=\"avia_inline_auto\" id=\"style-css-av-7cuu4-c6fb7c8614841e2641483a89e5af8b6c\">\n#top .hr.hr-invisible.av-7cuu4-c6fb7c8614841e2641483a89e5af8b6c{\nheight:20px;\n}\n<\/style>\n<div  class='hr av-7cuu4-c6fb7c8614841e2641483a89e5af8b6c hr-invisible  avia-builder-el-103  el_after_av_one_third  avia-builder-el-last '><span class='hr-inner '><span class=\"hr-inner-style\"><\/span><\/span><\/div>\n\n","protected":false},"excerpt":{"rendered":"","protected":false},"author":3,"featured_media":0,"parent":0,"menu_order":0,"comment_status":"closed","ping_status":"closed","template":"","meta":{"footnotes":""},"class_list":["post-411","page","type-page","status-publish","hentry"],"yoast_head":"<!-- This site is optimized with the Yoast SEO plugin v27.5 - https:\/\/yoast.com\/product\/yoast-seo-wordpress\/ -->\n<title>Proyectos - Enginyeria CB2G<\/title>\n<meta name=\"robots\" content=\"index, follow, max-snippet:-1, max-image-preview:large, max-video-preview:-1\" \/>\n<link rel=\"canonical\" href=\"https:\/\/cb2g.com\/es\/proyectos\/\" \/>\n<meta property=\"og:locale\" content=\"es_ES\" \/>\n<meta property=\"og:type\" content=\"article\" \/>\n<meta property=\"og:title\" content=\"Proyectos - Enginyeria CB2G\" \/>\n<meta property=\"og:url\" content=\"https:\/\/cb2g.com\/es\/proyectos\/\" \/>\n<meta property=\"og:site_name\" content=\"Enginyeria CB2G\" \/>\n<meta property=\"article:modified_time\" content=\"2023-09-27T10:16:28+00:00\" \/>\n<meta name=\"twitter:card\" content=\"summary_large_image\" \/>\n<meta name=\"twitter:label1\" content=\"Tiempo de lectura\" \/>\n\t<meta name=\"twitter:data1\" content=\"109 minutos\" \/>\n<script type=\"application\/ld+json\" class=\"yoast-schema-graph\">{\"@context\":\"https:\\\/\\\/schema.org\",\"@graph\":[{\"@type\":\"WebPage\",\"@id\":\"https:\\\/\\\/cb2g.com\\\/es\\\/proyectos\\\/\",\"url\":\"https:\\\/\\\/cb2g.com\\\/es\\\/proyectos\\\/\",\"name\":\"Proyectos - Enginyeria CB2G\",\"isPartOf\":{\"@id\":\"https:\\\/\\\/cb2g.com\\\/#website\"},\"datePublished\":\"2023-07-25T11:02:04+00:00\",\"dateModified\":\"2023-09-27T10:16:28+00:00\",\"breadcrumb\":{\"@id\":\"https:\\\/\\\/cb2g.com\\\/es\\\/proyectos\\\/#breadcrumb\"},\"inLanguage\":\"es\",\"potentialAction\":[{\"@type\":\"ReadAction\",\"target\":[\"https:\\\/\\\/cb2g.com\\\/es\\\/proyectos\\\/\"]}]},{\"@type\":\"BreadcrumbList\",\"@id\":\"https:\\\/\\\/cb2g.com\\\/es\\\/proyectos\\\/#breadcrumb\",\"itemListElement\":[{\"@type\":\"ListItem\",\"position\":1,\"name\":\"Inici\",\"item\":\"https:\\\/\\\/cb2g.com\\\/es\\\/\"},{\"@type\":\"ListItem\",\"position\":2,\"name\":\"Proyectos\"}]},{\"@type\":\"WebSite\",\"@id\":\"https:\\\/\\\/cb2g.com\\\/#website\",\"url\":\"https:\\\/\\\/cb2g.com\\\/\",\"name\":\"Enginyeria CB2G\",\"description\":\"\",\"potentialAction\":[{\"@type\":\"SearchAction\",\"target\":{\"@type\":\"EntryPoint\",\"urlTemplate\":\"https:\\\/\\\/cb2g.com\\\/?s={search_term_string}\"},\"query-input\":{\"@type\":\"PropertyValueSpecification\",\"valueRequired\":true,\"valueName\":\"search_term_string\"}}],\"inLanguage\":\"es\"}]}<\/script>\n<!-- \/ Yoast SEO plugin. -->","yoast_head_json":{"title":"Proyectos - Enginyeria CB2G","robots":{"index":"index","follow":"follow","max-snippet":"max-snippet:-1","max-image-preview":"max-image-preview:large","max-video-preview":"max-video-preview:-1"},"canonical":"https:\/\/cb2g.com\/es\/proyectos\/","og_locale":"es_ES","og_type":"article","og_title":"Proyectos - Enginyeria CB2G","og_url":"https:\/\/cb2g.com\/es\/proyectos\/","og_site_name":"Enginyeria CB2G","article_modified_time":"2023-09-27T10:16:28+00:00","twitter_card":"summary_large_image","twitter_misc":{"Tiempo de lectura":"109 minutos"},"schema":{"@context":"https:\/\/schema.org","@graph":[{"@type":"WebPage","@id":"https:\/\/cb2g.com\/es\/proyectos\/","url":"https:\/\/cb2g.com\/es\/proyectos\/","name":"Proyectos - Enginyeria CB2G","isPartOf":{"@id":"https:\/\/cb2g.com\/#website"},"datePublished":"2023-07-25T11:02:04+00:00","dateModified":"2023-09-27T10:16:28+00:00","breadcrumb":{"@id":"https:\/\/cb2g.com\/es\/proyectos\/#breadcrumb"},"inLanguage":"es","potentialAction":[{"@type":"ReadAction","target":["https:\/\/cb2g.com\/es\/proyectos\/"]}]},{"@type":"BreadcrumbList","@id":"https:\/\/cb2g.com\/es\/proyectos\/#breadcrumb","itemListElement":[{"@type":"ListItem","position":1,"name":"Inici","item":"https:\/\/cb2g.com\/es\/"},{"@type":"ListItem","position":2,"name":"Proyectos"}]},{"@type":"WebSite","@id":"https:\/\/cb2g.com\/#website","url":"https:\/\/cb2g.com\/","name":"Enginyeria CB2G","description":"","potentialAction":[{"@type":"SearchAction","target":{"@type":"EntryPoint","urlTemplate":"https:\/\/cb2g.com\/?s={search_term_string}"},"query-input":{"@type":"PropertyValueSpecification","valueRequired":true,"valueName":"search_term_string"}}],"inLanguage":"es"}]}},"_links":{"self":[{"href":"https:\/\/cb2g.com\/es\/wp-json\/wp\/v2\/pages\/411","targetHints":{"allow":["GET"]}}],"collection":[{"href":"https:\/\/cb2g.com\/es\/wp-json\/wp\/v2\/pages"}],"about":[{"href":"https:\/\/cb2g.com\/es\/wp-json\/wp\/v2\/types\/page"}],"author":[{"embeddable":true,"href":"https:\/\/cb2g.com\/es\/wp-json\/wp\/v2\/users\/3"}],"replies":[{"embeddable":true,"href":"https:\/\/cb2g.com\/es\/wp-json\/wp\/v2\/comments?post=411"}],"version-history":[{"count":5,"href":"https:\/\/cb2g.com\/es\/wp-json\/wp\/v2\/pages\/411\/revisions"}],"predecessor-version":[{"id":483,"href":"https:\/\/cb2g.com\/es\/wp-json\/wp\/v2\/pages\/411\/revisions\/483"}],"wp:attachment":[{"href":"https:\/\/cb2g.com\/es\/wp-json\/wp\/v2\/media?parent=411"}],"curies":[{"name":"wp","href":"https:\/\/api.w.org\/{rel}","templated":true}]}}